{"id":19559,"date":"2021-07-20T22:22:20","date_gmt":"2021-07-20T20:22:20","guid":{"rendered":"https:\/\/silla.industries\/news\/"},"modified":"2025-07-01T21:51:07","modified_gmt":"2025-07-01T19:51:07","slug":"news","status":"publish","type":"page","link":"https:\/\/silla.industries\/es\/news\/","title":{"rendered":"Noticias"},"content":{"rendered":"<ul class=\"wp-block-latest-posts__list is-grid columns-3 has-dates alignwide tw-img-ratio-16-9 tw-heading-size-medium is-style-default wp-block-latest-posts\"><li><div class=\"wp-block-latest-posts__featured-image\"><a href=\"https:\/\/silla.industries\/es\/ecosistema-energetico-domestico-wallbox-fotovoltaico\/\" aria-label=\"Integraci\u00f3n de Wallbox, fotovoltaica y dom\u00f3tica: hacia un ecosistema energ\u00e9tico dom\u00e9stico inteligente\"><img fetchpriority=\"high\" decoding=\"async\" width=\"700\" height=\"394\" src=\"https:\/\/silla.industries\/wp-content\/uploads\/2026\/04\/articolo-domotica-2-1024x576.png\" class=\"attachment-large size-large wp-post-image\" alt=\"Vivienda unifamiliar con paneles fotovoltaicos en el tejado y carga de veh\u00edculos el\u00e9ctricos mediante wallbox en la entrada. Integraci\u00f3n del sistema fotovoltaico.\" style=\"\" srcset=\"https:\/\/silla.industries\/wp-content\/uploads\/2026\/04\/articolo-domotica-2-1024x576.png 1024w, https:\/\/silla.industries\/wp-content\/uploads\/2026\/04\/articolo-domotica-2-300x169.png 300w, https:\/\/silla.industries\/wp-content\/uploads\/2026\/04\/articolo-domotica-2-768x432.png 768w, https:\/\/silla.industries\/wp-content\/uploads\/2026\/04\/articolo-domotica-2-1536x864.png 1536w, https:\/\/silla.industries\/wp-content\/uploads\/2026\/04\/articolo-domotica-2-2048x1152.png 2048w, https:\/\/silla.industries\/wp-content\/uploads\/2026\/04\/articolo-domotica-2-360x203.png 360w, https:\/\/silla.industries\/wp-content\/uploads\/2026\/04\/articolo-domotica-2-1200x675.png 1200w, https:\/\/silla.industries\/wp-content\/uploads\/2026\/04\/articolo-domotica-2-1980x1114.png 1980w, https:\/\/silla.industries\/wp-content\/uploads\/2026\/04\/articolo-domotica-2-1320x743.png 1320w, https:\/\/silla.industries\/wp-content\/uploads\/2026\/04\/articolo-domotica-2-26x15.png 26w, https:\/\/silla.industries\/wp-content\/uploads\/2026\/04\/articolo-domotica-2-36x20.png 36w, https:\/\/silla.industries\/wp-content\/uploads\/2026\/04\/articolo-domotica-2-48x27.png 48w, https:\/\/silla.industries\/wp-content\/uploads\/2026\/04\/articolo-domotica-2-600x338.png 600w\" sizes=\"(max-width: 700px) 100vw, 700px\" \/><\/a><\/div><a class=\"wp-block-latest-posts__post-title\" href=\"https:\/\/silla.industries\/es\/ecosistema-energetico-domestico-wallbox-fotovoltaico\/\">Integraci\u00f3n de Wallbox, fotovoltaica y dom\u00f3tica: hacia un ecosistema energ\u00e9tico dom\u00e9stico inteligente<\/a><time datetime=\"2026-04-27T08:00:00+02:00\" class=\"wp-block-latest-posts__post-date\">27 de abril de 2026<\/time><div class=\"wp-block-latest-posts__post-excerpt\">La integraci\u00f3n de wallbox, sistema fotovoltaico y sistemas dom\u00f3ticos crea un ecosistema energ\u00e9tico inteligente, capaz de optimizar el autoconsumo, reducir los costes y aumentar la independencia de la red.<a href=\"https:\/\/silla.industries\/es\/ecosistema-energetico-domestico-wallbox-fotovoltaico\/\" class=\"more-link\"><span>Seguir leyendo<\/span><span class=\"screen-reader-text\">Integraci\u00f3n de Wallbox, fotovoltaica y dom\u00f3tica: hacia un ecosistema energ\u00e9tico dom\u00e9stico inteligente<\/span><\/a><\/div><\/li>\n<li><div class=\"wp-block-latest-posts__featured-image\"><a href=\"https:\/\/silla.industries\/es\/quanto-costa-fare-100km-con-un-auto-elettrica\/\" aria-label=\"\u00bfCu\u00e1nto cuesta recorrer 100 km en un coche el\u00e9ctrico?\"><img decoding=\"async\" width=\"700\" height=\"394\" src=\"https:\/\/silla.industries\/wp-content\/uploads\/2022\/08\/cover-articolo-100-1024x576.jpg\" class=\"attachment-large size-large wp-post-image\" alt=\"\u00bfcu\u00e1nto cuesta recorrer 100 km en un coche el\u00e9ctrico?\" style=\"\" srcset=\"https:\/\/silla.industries\/wp-content\/uploads\/2022\/08\/cover-articolo-100-1024x576.jpg 1024w, https:\/\/silla.industries\/wp-content\/uploads\/2022\/08\/cover-articolo-100-600x338.jpg 600w, https:\/\/silla.industries\/wp-content\/uploads\/2022\/08\/cover-articolo-100-300x169.jpg 300w, https:\/\/silla.industries\/wp-content\/uploads\/2022\/08\/cover-articolo-100-768x432.jpg 768w, https:\/\/silla.industries\/wp-content\/uploads\/2022\/08\/cover-articolo-100-1536x864.jpg 1536w, https:\/\/silla.industries\/wp-content\/uploads\/2022\/08\/cover-articolo-100-1200x675.jpg 1200w, https:\/\/silla.industries\/wp-content\/uploads\/2022\/08\/cover-articolo-100.jpg 1600w\" sizes=\"(max-width: 700px) 100vw, 700px\" \/><\/a><\/div><a class=\"wp-block-latest-posts__post-title\" href=\"https:\/\/silla.industries\/es\/quanto-costa-fare-100km-con-un-auto-elettrica\/\">\u00bfCu\u00e1nto cuesta recorrer 100 km en un coche el\u00e9ctrico?<\/a><time datetime=\"2026-04-05T09:00:00+02:00\" class=\"wp-block-latest-posts__post-date\">5 de abril de 2026<\/time><div class=\"wp-block-latest-posts__post-excerpt\">\u00bfCu\u00e1nto cuesta \"repostar\" un coche el\u00e9ctrico en comparaci\u00f3n con un coche cl\u00e1sico de gasolina o di\u00e9sel? Averig\u00fc\u00e9moslo juntos en este art\u00edculo. <a href=\"https:\/\/silla.industries\/es\/quanto-costa-fare-100km-con-un-auto-elettrica\/\" class=\"more-link\"><span>Seguir leyendo<\/span><span class=\"screen-reader-text\">\u00bfCu\u00e1nto cuesta recorrer 100 km en un coche el\u00e9ctrico?<\/span><\/a><\/div><\/li>\n<li><div class=\"wp-block-latest-posts__featured-image\"><a href=\"https:\/\/silla.industries\/es\/quali-incentivi-auto-2022-come-funziona-incentivi\/\" aria-label=\"\u00bfCu\u00e1les son los incentivos para comprar coches el\u00e9ctricos en 2022?\"><img decoding=\"async\" width=\"700\" height=\"394\" src=\"https:\/\/silla.industries\/wp-content\/uploads\/2022\/07\/Incentivi-per-acquisto-di-auto-elettriche-in-Italia-2022-1024x576.jpg\" class=\"attachment-large size-large wp-post-image\" alt=\"\" style=\"\" srcset=\"https:\/\/silla.industries\/wp-content\/uploads\/2022\/07\/Incentivi-per-acquisto-di-auto-elettriche-in-Italia-2022-1024x576.jpg 1024w, https:\/\/silla.industries\/wp-content\/uploads\/2022\/07\/Incentivi-per-acquisto-di-auto-elettriche-in-Italia-2022-600x338.jpg 600w, https:\/\/silla.industries\/wp-content\/uploads\/2022\/07\/Incentivi-per-acquisto-di-auto-elettriche-in-Italia-2022-300x169.jpg 300w, https:\/\/silla.industries\/wp-content\/uploads\/2022\/07\/Incentivi-per-acquisto-di-auto-elettriche-in-Italia-2022-768x432.jpg 768w, https:\/\/silla.industries\/wp-content\/uploads\/2022\/07\/Incentivi-per-acquisto-di-auto-elettriche-in-Italia-2022-1536x864.jpg 1536w, https:\/\/silla.industries\/wp-content\/uploads\/2022\/07\/Incentivi-per-acquisto-di-auto-elettriche-in-Italia-2022-1200x675.jpg 1200w, https:\/\/silla.industries\/wp-content\/uploads\/2022\/07\/Incentivi-per-acquisto-di-auto-elettriche-in-Italia-2022.jpg 1600w\" sizes=\"(max-width: 700px) 100vw, 700px\" \/><\/a><\/div><a class=\"wp-block-latest-posts__post-title\" href=\"https:\/\/silla.industries\/es\/quali-incentivi-auto-2022-come-funziona-incentivi\/\">\u00bfCu\u00e1les son los incentivos para comprar coches el\u00e9ctricos en 2022?<\/a><time datetime=\"2026-03-23T11:39:00+01:00\" class=\"wp-block-latest-posts__post-date\">23 de marzo de 2026<\/time><div class=\"wp-block-latest-posts__post-excerpt\">\u00bfC\u00f3mo funcionan los incentivos para comprar un coche en 2022? Obt\u00e9n toda la informaci\u00f3n que necesitas para hacerte con tu coche nuevo leyendo este art\u00edculo.   <a href=\"https:\/\/silla.industries\/es\/quali-incentivi-auto-2022-come-funziona-incentivi\/\" class=\"more-link\"><span>Seguir leyendo<\/span><span class=\"screen-reader-text\">\u00bfCu\u00e1les son los incentivos para comprar coches el\u00e9ctricos en 2022?<\/span><\/a><\/div><\/li>\n<li><div class=\"wp-block-latest-posts__featured-image\"><a href=\"https:\/\/silla.industries\/es\/estaciones-de-carga-y-normativa-cei-64-8-que-exige-la-ley-para-una-instalacion-conforme-2\/\" aria-label=\"Estaciones de carga y normativa CEI 64-8. \u00bfQu\u00e9 exige la ley para una instalaci\u00f3n conforme?\"><img loading=\"lazy\" decoding=\"async\" width=\"700\" height=\"466\" src=\"https:\/\/silla.industries\/wp-content\/uploads\/2026\/02\/potenza-contatore-wallbox.jpg\" class=\"attachment-large size-large wp-post-image\" alt=\"Potenza contatore e wallbox: ricaricare senza aumentare il contratto\" style=\"\" srcset=\"https:\/\/silla.industries\/wp-content\/uploads\/2026\/02\/potenza-contatore-wallbox.jpg 1024w, https:\/\/silla.industries\/wp-content\/uploads\/2026\/02\/potenza-contatore-wallbox-600x400.jpg 600w, https:\/\/silla.industries\/wp-content\/uploads\/2026\/02\/potenza-contatore-wallbox-300x200.jpg 300w, https:\/\/silla.industries\/wp-content\/uploads\/2026\/02\/potenza-contatore-wallbox-768x512.jpg 768w, https:\/\/silla.industries\/wp-content\/uploads\/2026\/02\/potenza-contatore-wallbox-360x240.jpg 360w, https:\/\/silla.industries\/wp-content\/uploads\/2026\/02\/potenza-contatore-wallbox-26x17.jpg 26w, https:\/\/silla.industries\/wp-content\/uploads\/2026\/02\/potenza-contatore-wallbox-36x24.jpg 36w, https:\/\/silla.industries\/wp-content\/uploads\/2026\/02\/potenza-contatore-wallbox-48x32.jpg 48w\" sizes=\"(max-width: 700px) 100vw, 700px\" \/><\/a><\/div><a class=\"wp-block-latest-posts__post-title\" href=\"https:\/\/silla.industries\/es\/estaciones-de-carga-y-normativa-cei-64-8-que-exige-la-ley-para-una-instalacion-conforme-2\/\">Estaciones de carga y normativa CEI 64-8. \u00bfQu\u00e9 exige la ley para una instalaci\u00f3n conforme?<\/a><time datetime=\"2026-03-16T18:29:58+01:00\" class=\"wp-block-latest-posts__post-date\">16 de marzo de 2026<\/time><div class=\"wp-block-latest-posts__post-excerpt\">Instalar una wallbox o estaci\u00f3n de carga para coches el\u00e9ctricos no significa s\u00f3lo montar un dispositivo y conectarlo a la red. Toda instalaci\u00f3n debe cumplir los requisitos de la norma IEC 64-8. <a href=\"https:\/\/silla.industries\/es\/estaciones-de-carga-y-normativa-cei-64-8-que-exige-la-ley-para-una-instalacion-conforme-2\/\" class=\"more-link\"><span>Seguir leyendo<\/span><span class=\"screen-reader-text\">Estaciones de carga y normativa CEI 64-8. \u00bfQu\u00e9 exige la ley para una instalaci\u00f3n conforme?<\/span><\/a><\/div><\/li>\n<li><div class=\"wp-block-latest-posts__featured-image\"><a href=\"https:\/\/silla.industries\/es\/estaciones-de-carga-y-normativa-cei-64-8-que-exige-la-ley-para-una-instalacion-conforme\/\" aria-label=\"Estaciones de carga y normativa CEI 64-8. \u00bfQu\u00e9 exige la ley para una instalaci\u00f3n conforme?\"><img loading=\"lazy\" decoding=\"async\" width=\"700\" height=\"466\" src=\"https:\/\/silla.industries\/wp-content\/uploads\/2026\/02\/potenza-contatore-wallbox.jpg\" class=\"attachment-large size-large wp-post-image\" alt=\"Potenza contatore e wallbox: ricaricare senza aumentare il contratto\" style=\"\" srcset=\"https:\/\/silla.industries\/wp-content\/uploads\/2026\/02\/potenza-contatore-wallbox.jpg 1024w, https:\/\/silla.industries\/wp-content\/uploads\/2026\/02\/potenza-contatore-wallbox-600x400.jpg 600w, https:\/\/silla.industries\/wp-content\/uploads\/2026\/02\/potenza-contatore-wallbox-300x200.jpg 300w, https:\/\/silla.industries\/wp-content\/uploads\/2026\/02\/potenza-contatore-wallbox-768x512.jpg 768w, https:\/\/silla.industries\/wp-content\/uploads\/2026\/02\/potenza-contatore-wallbox-360x240.jpg 360w, https:\/\/silla.industries\/wp-content\/uploads\/2026\/02\/potenza-contatore-wallbox-26x17.jpg 26w, https:\/\/silla.industries\/wp-content\/uploads\/2026\/02\/potenza-contatore-wallbox-36x24.jpg 36w, https:\/\/silla.industries\/wp-content\/uploads\/2026\/02\/potenza-contatore-wallbox-48x32.jpg 48w\" sizes=\"(max-width: 700px) 100vw, 700px\" \/><\/a><\/div><a class=\"wp-block-latest-posts__post-title\" href=\"https:\/\/silla.industries\/es\/estaciones-de-carga-y-normativa-cei-64-8-que-exige-la-ley-para-una-instalacion-conforme\/\">Estaciones de carga y normativa CEI 64-8. \u00bfQu\u00e9 exige la ley para una instalaci\u00f3n conforme?<\/a><time datetime=\"2026-02-09T16:10:28+01:00\" class=\"wp-block-latest-posts__post-date\">9 de febrero de 2026<\/time><div class=\"wp-block-latest-posts__post-excerpt\">Instalar una wallbox o estaci\u00f3n de carga para coches el\u00e9ctricos no significa s\u00f3lo montar un dispositivo y conectarlo a la red. Toda instalaci\u00f3n debe cumplir los requisitos de la norma IEC 64-8. <a href=\"https:\/\/silla.industries\/es\/estaciones-de-carga-y-normativa-cei-64-8-que-exige-la-ley-para-una-instalacion-conforme\/\" class=\"more-link\"><span>Seguir leyendo<\/span><span class=\"screen-reader-text\">Estaciones de carga y normativa CEI 64-8. \u00bfQu\u00e9 exige la ley para una instalaci\u00f3n conforme?<\/span><\/a><\/div><\/li>\n<li><div class=\"wp-block-latest-posts__featured-image\"><a href=\"https:\/\/silla.industries\/es\/come-risparmiare-sull-energia-energia-rinnovabile\/\" aria-label=\"\u00bfEs posible ahorrar en energ\u00eda a pesar de la subida de precios?\"><img loading=\"lazy\" decoding=\"async\" width=\"700\" height=\"394\" src=\"https:\/\/silla.industries\/wp-content\/uploads\/2022\/03\/img-contro-rincari-1024x576.jpg\" class=\"attachment-large size-large wp-post-image\" alt=\"risparmiare sull&#039;energia\" style=\"\" srcset=\"https:\/\/silla.industries\/wp-content\/uploads\/2022\/03\/img-contro-rincari-1024x576.jpg 1024w, https:\/\/silla.industries\/wp-content\/uploads\/2022\/03\/img-contro-rincari-600x338.jpg 600w, https:\/\/silla.industries\/wp-content\/uploads\/2022\/03\/img-contro-rincari-300x169.jpg 300w, https:\/\/silla.industries\/wp-content\/uploads\/2022\/03\/img-contro-rincari-768x432.jpg 768w, https:\/\/silla.industries\/wp-content\/uploads\/2022\/03\/img-contro-rincari-1536x864.jpg 1536w, https:\/\/silla.industries\/wp-content\/uploads\/2022\/03\/img-contro-rincari-1200x675.jpg 1200w, https:\/\/silla.industries\/wp-content\/uploads\/2022\/03\/img-contro-rincari.jpg 1600w\" sizes=\"(max-width: 700px) 100vw, 700px\" \/><\/a><\/div><a class=\"wp-block-latest-posts__post-title\" href=\"https:\/\/silla.industries\/es\/come-risparmiare-sull-energia-energia-rinnovabile\/\">\u00bfEs posible ahorrar en energ\u00eda a pesar de la subida de precios?<\/a><time datetime=\"2026-02-08T11:00:00+01:00\" class=\"wp-block-latest-posts__post-date\">8 de febrero de 2026<\/time><div class=\"wp-block-latest-posts__post-excerpt\">\u00bfExiste alguna forma de proteger las finanzas de la dram\u00e1tica subida de los precios de la energ\u00eda? Un plan de acci\u00f3n en el que las energ\u00edas renovables desempe\u00f1en un papel protagonista puede ser la soluci\u00f3n.   <a href=\"https:\/\/silla.industries\/es\/come-risparmiare-sull-energia-energia-rinnovabile\/\" class=\"more-link\"><span>Seguir leyendo<\/span><span class=\"screen-reader-text\">\u00bfEs posible ahorrar en energ\u00eda a pesar de la subida de precios?<\/span><\/a><\/div><\/li>\n<li><div class=\"wp-block-latest-posts__featured-image\"><a href=\"https:\/\/silla.industries\/es\/prorroga-del-experimento-arera-gse-hasta-finales-de-2025\/\" aria-label=\"Pr\u00f3rroga del experimento Arera-GSE hasta finales de 2025\"><img loading=\"lazy\" decoding=\"async\" width=\"700\" height=\"394\" src=\"https:\/\/silla.industries\/wp-content\/uploads\/2023\/05\/IMG-prism-solar-ricarica-auto-1024x576.jpg\" class=\"attachment-large size-large wp-post-image\" alt=\"sperimentazione arera-gse\" style=\"\" srcset=\"https:\/\/silla.industries\/wp-content\/uploads\/2023\/05\/IMG-prism-solar-ricarica-auto-1024x576.jpg 1024w, https:\/\/silla.industries\/wp-content\/uploads\/2023\/05\/IMG-prism-solar-ricarica-auto-600x338.jpg 600w, https:\/\/silla.industries\/wp-content\/uploads\/2023\/05\/IMG-prism-solar-ricarica-auto-300x169.jpg 300w, https:\/\/silla.industries\/wp-content\/uploads\/2023\/05\/IMG-prism-solar-ricarica-auto-768x432.jpg 768w, https:\/\/silla.industries\/wp-content\/uploads\/2023\/05\/IMG-prism-solar-ricarica-auto-360x203.jpg 360w, https:\/\/silla.industries\/wp-content\/uploads\/2023\/05\/IMG-prism-solar-ricarica-auto-1536x864.jpg 1536w, https:\/\/silla.industries\/wp-content\/uploads\/2023\/05\/IMG-prism-solar-ricarica-auto-1200x675.jpg 1200w, https:\/\/silla.industries\/wp-content\/uploads\/2023\/05\/IMG-prism-solar-ricarica-auto-1320x743.jpg 1320w, https:\/\/silla.industries\/wp-content\/uploads\/2023\/05\/IMG-prism-solar-ricarica-auto.jpg 1600w\" sizes=\"(max-width: 700px) 100vw, 700px\" \/><\/a><\/div><a class=\"wp-block-latest-posts__post-title\" href=\"https:\/\/silla.industries\/es\/prorroga-del-experimento-arera-gse-hasta-finales-de-2025\/\">Pr\u00f3rroga del experimento Arera-GSE hasta finales de 2025<\/a><time datetime=\"2026-02-06T09:58:36+01:00\" class=\"wp-block-latest-posts__post-date\">6 de febrero de 2026<\/time><div class=\"wp-block-latest-posts__post-excerpt\">A partir del 15 de febrero, se reabren los plazos para presentar solicitudes al IGE<a href=\"https:\/\/silla.industries\/es\/prorroga-del-experimento-arera-gse-hasta-finales-de-2025\/\" class=\"more-link\"><span>Seguir leyendo<\/span><span class=\"screen-reader-text\">Pr\u00f3rroga del experimento Arera-GSE hasta finales de 2025<\/span><\/a><\/div><\/li>\n<li><div class=\"wp-block-latest-posts__featured-image\"><a href=\"https:\/\/silla.industries\/es\/ricarica-auto-elettrica-hotel-bnb-wallbox\/\" aria-label=\"Carga de coches el\u00e9ctricos en hoteles y alojamientos: c\u00f3mo ofrecer a los hu\u00e9spedes un servicio de 5 estrellas\"><img loading=\"lazy\" decoding=\"async\" width=\"700\" height=\"466\" src=\"https:\/\/silla.industries\/wp-content\/uploads\/2025\/12\/ricarica-auto-elettrica-bnb-hotel-1024x682.jpg\" class=\"attachment-large size-large wp-post-image\" alt=\"Ricarica auto elettrica in hotel e B&amp;B: come offrire un servizio a 5 stelle\" style=\"\" srcset=\"https:\/\/silla.industries\/wp-content\/uploads\/2025\/12\/ricarica-auto-elettrica-bnb-hotel-1024x682.jpg 1024w, https:\/\/silla.industries\/wp-content\/uploads\/2025\/12\/ricarica-auto-elettrica-bnb-hotel-600x400.jpg 600w, https:\/\/silla.industries\/wp-content\/uploads\/2025\/12\/ricarica-auto-elettrica-bnb-hotel-300x200.jpg 300w, https:\/\/silla.industries\/wp-content\/uploads\/2025\/12\/ricarica-auto-elettrica-bnb-hotel-768x512.jpg 768w, https:\/\/silla.industries\/wp-content\/uploads\/2025\/12\/ricarica-auto-elettrica-bnb-hotel-360x240.jpg 360w, https:\/\/silla.industries\/wp-content\/uploads\/2025\/12\/ricarica-auto-elettrica-bnb-hotel-1200x799.jpg 1200w, https:\/\/silla.industries\/wp-content\/uploads\/2025\/12\/ricarica-auto-elettrica-bnb-hotel-1320x879.jpg 1320w, https:\/\/silla.industries\/wp-content\/uploads\/2025\/12\/ricarica-auto-elettrica-bnb-hotel.jpg 1536w\" sizes=\"(max-width: 700px) 100vw, 700px\" \/><\/a><\/div><a class=\"wp-block-latest-posts__post-title\" href=\"https:\/\/silla.industries\/es\/ricarica-auto-elettrica-hotel-bnb-wallbox\/\">Carga de coches el\u00e9ctricos en hoteles y alojamientos: c\u00f3mo ofrecer a los hu\u00e9spedes un servicio de 5 estrellas<\/a><time datetime=\"2025-12-08T17:05:30+01:00\" class=\"wp-block-latest-posts__post-date\">8 de diciembre de 2025<\/time><div class=\"wp-block-latest-posts__post-excerpt\">El crecimiento de la movilidad el\u00e9ctrica est\u00e1 cambiando las expectativas de los viajeros. Cada vez m\u00e1s personas eligen hoteles y pensiones que ofrecen recarga para coches el\u00e9ctricos, c\u00f3moda, fiable y disponible durante toda su estancia. Esto no es s\u00f3lo una prioridad para los viajes de negocios, sino tambi\u00e9n para las vacaciones, los fines de semana y los viajes familiares.  <a href=\"https:\/\/silla.industries\/es\/ricarica-auto-elettrica-hotel-bnb-wallbox\/\" class=\"more-link\"><span>Seguir leyendo<\/span><span class=\"screen-reader-text\">Carga de coches el\u00e9ctricos en hoteles y alojamientos: c\u00f3mo ofrecer a los hu\u00e9spedes un servicio de 5 estrellas<\/span><\/a><\/div><\/li>\n<li><div class=\"wp-block-latest-posts__featured-image\"><a href=\"https:\/\/silla.industries\/es\/norma-cei-64-8-installazione-wallbox\/\" aria-label=\"Estaciones de carga y normativa CEI 64-8. \u00bfQu\u00e9 exige la ley para una instalaci\u00f3n conforme?\"><img loading=\"lazy\" decoding=\"async\" width=\"700\" height=\"400\" src=\"https:\/\/silla.industries\/wp-content\/uploads\/2025\/11\/protezioni-obbligatorie-colonnine-ricarica-1024x585.jpg\" class=\"attachment-large size-large wp-post-image\" alt=\"Protezioni obbligatorie colonnine di ricarica\" style=\"\" srcset=\"https:\/\/silla.industries\/wp-content\/uploads\/2025\/11\/protezioni-obbligatorie-colonnine-ricarica-1024x585.jpg 1024w, https:\/\/silla.industries\/wp-content\/uploads\/2025\/11\/protezioni-obbligatorie-colonnine-ricarica-600x343.jpg 600w, https:\/\/silla.industries\/wp-content\/uploads\/2025\/11\/protezioni-obbligatorie-colonnine-ricarica-300x171.jpg 300w, https:\/\/silla.industries\/wp-content\/uploads\/2025\/11\/protezioni-obbligatorie-colonnine-ricarica-768x439.jpg 768w, https:\/\/silla.industries\/wp-content\/uploads\/2025\/11\/protezioni-obbligatorie-colonnine-ricarica-360x206.jpg 360w, https:\/\/silla.industries\/wp-content\/uploads\/2025\/11\/protezioni-obbligatorie-colonnine-ricarica-1200x686.jpg 1200w, https:\/\/silla.industries\/wp-content\/uploads\/2025\/11\/protezioni-obbligatorie-colonnine-ricarica-1320x754.jpg 1320w, https:\/\/silla.industries\/wp-content\/uploads\/2025\/11\/protezioni-obbligatorie-colonnine-ricarica.jpg 1400w\" sizes=\"(max-width: 700px) 100vw, 700px\" \/><\/a><\/div><a class=\"wp-block-latest-posts__post-title\" href=\"https:\/\/silla.industries\/es\/norma-cei-64-8-installazione-wallbox\/\">Estaciones de carga y normativa CEI 64-8. \u00bfQu\u00e9 exige la ley para una instalaci\u00f3n conforme?<\/a><time datetime=\"2025-11-24T05:30:00+01:00\" class=\"wp-block-latest-posts__post-date\">24 de noviembre de 2025<\/time><div class=\"wp-block-latest-posts__post-excerpt\">Instalar una wallbox o estaci\u00f3n de carga para coches el\u00e9ctricos no significa s\u00f3lo montar un dispositivo y conectarlo a la red. Toda instalaci\u00f3n debe cumplir los requisitos de la norma IEC 64-8. <a href=\"https:\/\/silla.industries\/es\/norma-cei-64-8-installazione-wallbox\/\" class=\"more-link\"><span>Seguir leyendo<\/span><span class=\"screen-reader-text\">Estaciones de carga y normativa CEI 64-8. \u00bfQu\u00e9 exige la ley para una instalaci\u00f3n conforme?<\/span><\/a><\/div><\/li>\n<li><div class=\"wp-block-latest-posts__featured-image\"><a href=\"https:\/\/silla.industries\/es\/produttori-italiani-di-wallbox\/\" aria-label=\"Fabricantes italianos de Wallbox: por qu\u00e9 elegir Made in Italy\"><img loading=\"lazy\" decoding=\"async\" width=\"700\" height=\"466\" src=\"https:\/\/silla.industries\/wp-content\/uploads\/2025\/11\/wallbox-made-in-italy-1024x682.jpg\" class=\"attachment-large size-large wp-post-image\" alt=\"Wallbox made in Italy\" style=\"\" srcset=\"https:\/\/silla.industries\/wp-content\/uploads\/2025\/11\/wallbox-made-in-italy-1024x682.jpg 1024w, https:\/\/silla.industries\/wp-content\/uploads\/2025\/11\/wallbox-made-in-italy-600x400.jpg 600w, https:\/\/silla.industries\/wp-content\/uploads\/2025\/11\/wallbox-made-in-italy-300x200.jpg 300w, https:\/\/silla.industries\/wp-content\/uploads\/2025\/11\/wallbox-made-in-italy-768x512.jpg 768w, https:\/\/silla.industries\/wp-content\/uploads\/2025\/11\/wallbox-made-in-italy-360x240.jpg 360w, https:\/\/silla.industries\/wp-content\/uploads\/2025\/11\/wallbox-made-in-italy-1200x799.jpg 1200w, https:\/\/silla.industries\/wp-content\/uploads\/2025\/11\/wallbox-made-in-italy-1320x879.jpg 1320w, https:\/\/silla.industries\/wp-content\/uploads\/2025\/11\/wallbox-made-in-italy.jpg 1536w\" sizes=\"(max-width: 700px) 100vw, 700px\" \/><\/a><\/div><a class=\"wp-block-latest-posts__post-title\" href=\"https:\/\/silla.industries\/es\/produttori-italiani-di-wallbox\/\">Fabricantes italianos de Wallbox: por qu\u00e9 elegir Made in Italy<\/a><time datetime=\"2025-11-10T05:00:00+01:00\" class=\"wp-block-latest-posts__post-date\">10 de noviembre de 2025<\/time><div class=\"wp-block-latest-posts__post-excerpt\">Elegir una Wallbox Made in Italy no es s\u00f3lo un acto de confianza en el producto nacional, sino una decisi\u00f3n t\u00e9cnica consciente que afecta a la seguridad, la fiabilidad y el servicio.<a href=\"https:\/\/silla.industries\/es\/produttori-italiani-di-wallbox\/\" class=\"more-link\"><span>Seguir leyendo<\/span><span class=\"screen-reader-text\">Fabricantes italianos de Wallbox: por qu\u00e9 elegir Made in Italy<\/span><\/a><\/div><\/li>\n<li><div class=\"wp-block-latest-posts__featured-image\"><a href=\"https:\/\/silla.industries\/es\/quanto-costa-installare-una-wallbox\/\" aria-label=\"\u00bfCu\u00e1nto cuesta realmente instalar una Wallbox? An\u00e1lisis completo de precios, tr\u00e1mites y certificaciones\"><img loading=\"lazy\" decoding=\"async\" width=\"700\" height=\"467\" src=\"https:\/\/silla.industries\/wp-content\/uploads\/2025\/10\/costo-installazione-wallbox-prezzi-certificazioni-1024x683.jpg\" class=\"attachment-large size-large wp-post-image\" alt=\"\u00bfCu\u00e1nto cuesta instalar un wallbox?\" style=\"\" srcset=\"https:\/\/silla.industries\/wp-content\/uploads\/2025\/10\/costo-installazione-wallbox-prezzi-certificazioni-1024x683.jpg 1024w, https:\/\/silla.industries\/wp-content\/uploads\/2025\/10\/costo-installazione-wallbox-prezzi-certificazioni-600x400.jpg 600w, https:\/\/silla.industries\/wp-content\/uploads\/2025\/10\/costo-installazione-wallbox-prezzi-certificazioni-300x200.jpg 300w, https:\/\/silla.industries\/wp-content\/uploads\/2025\/10\/costo-installazione-wallbox-prezzi-certificazioni-768x512.jpg 768w, https:\/\/silla.industries\/wp-content\/uploads\/2025\/10\/costo-installazione-wallbox-prezzi-certificazioni-360x240.jpg 360w, https:\/\/silla.industries\/wp-content\/uploads\/2025\/10\/costo-installazione-wallbox-prezzi-certificazioni.jpg 1200w\" sizes=\"(max-width: 700px) 100vw, 700px\" \/><\/a><\/div><a class=\"wp-block-latest-posts__post-title\" href=\"https:\/\/silla.industries\/es\/quanto-costa-installare-una-wallbox\/\">\u00bfCu\u00e1nto cuesta realmente instalar una Wallbox? An\u00e1lisis completo de precios, tr\u00e1mites y certificaciones<\/a><time datetime=\"2025-10-27T05:30:00+01:00\" class=\"wp-block-latest-posts__post-date\">27 de octubre de 2025<\/time><div class=\"wp-block-latest-posts__post-excerpt\">Para quienes conducen un veh\u00edculo el\u00e9ctrico (VE), la instalaci\u00f3n de un punto de recarga privado es ahora una prioridad: significa recargar de forma segura y r\u00e1pida, sin tener que depender de las estaciones de recarga p\u00fablicas disponibles en la zona.<a href=\"https:\/\/silla.industries\/es\/quanto-costa-installare-una-wallbox\/\" class=\"more-link\"><span>Seguir leyendo<\/span><span class=\"screen-reader-text\">\u00bfCu\u00e1nto cuesta realmente instalar una Wallbox? An\u00e1lisis completo de precios, tr\u00e1mites y certificaciones<\/span><\/a><\/div><\/li>\n<li><div class=\"wp-block-latest-posts__featured-image\"><a href=\"https:\/\/silla.industries\/es\/ricarica-bidirezionale-v2g-v2h-veicolo-elettrico\/\" aria-label=\"Carga bidireccional (V2G\/V2H): c\u00f3mo el veh\u00edculo el\u00e9ctrico se convierte en un recurso de almacenamiento para el hogar y la red.\"><img loading=\"lazy\" decoding=\"async\" width=\"700\" height=\"382\" src=\"https:\/\/silla.industries\/wp-content\/uploads\/2025\/10\/ricarica-bidirezionale-v2g-v2h-veicolo-elettrico-1024x559.jpg\" class=\"attachment-large size-large wp-post-image\" alt=\"Ricarica bidirezionale V2G V2H\" style=\"\" srcset=\"https:\/\/silla.industries\/wp-content\/uploads\/2025\/10\/ricarica-bidirezionale-v2g-v2h-veicolo-elettrico-1024x559.jpg 1024w, https:\/\/silla.industries\/wp-content\/uploads\/2025\/10\/ricarica-bidirezionale-v2g-v2h-veicolo-elettrico-600x328.jpg 600w, https:\/\/silla.industries\/wp-content\/uploads\/2025\/10\/ricarica-bidirezionale-v2g-v2h-veicolo-elettrico-300x164.jpg 300w, https:\/\/silla.industries\/wp-content\/uploads\/2025\/10\/ricarica-bidirezionale-v2g-v2h-veicolo-elettrico-768x419.jpg 768w, https:\/\/silla.industries\/wp-content\/uploads\/2025\/10\/ricarica-bidirezionale-v2g-v2h-veicolo-elettrico-360x197.jpg 360w, https:\/\/silla.industries\/wp-content\/uploads\/2025\/10\/ricarica-bidirezionale-v2g-v2h-veicolo-elettrico.jpg 1200w\" sizes=\"(max-width: 700px) 100vw, 700px\" \/><\/a><\/div><a class=\"wp-block-latest-posts__post-title\" href=\"https:\/\/silla.industries\/es\/ricarica-bidirezionale-v2g-v2h-veicolo-elettrico\/\">Carga bidireccional (V2G\/V2H): c\u00f3mo el veh\u00edculo el\u00e9ctrico se convierte en un recurso de almacenamiento para el hogar y la red.<\/a><time datetime=\"2025-10-13T16:19:31+02:00\" class=\"wp-block-latest-posts__post-date\">13 de octubre de 2025<\/time><div class=\"wp-block-latest-posts__post-excerpt\">La movilidad el\u00e9ctrica se est\u00e1 transformando: adem\u00e1s de la carga r\u00e1pida y la reducci\u00f3n de emisiones, los veh\u00edculos pueden integrarse ahora en los sistemas energ\u00e9ticos dom\u00e9sticos y de red, asumiendo el papel de recurso de almacenamiento.<a href=\"https:\/\/silla.industries\/es\/ricarica-bidirezionale-v2g-v2h-veicolo-elettrico\/\" class=\"more-link\"><span>Seguir leyendo<\/span><span class=\"screen-reader-text\">Carga bidireccional (V2G\/V2H): c\u00f3mo el veh\u00edculo el\u00e9ctrico se convierte en un recurso de almacenamiento para el hogar y la red.<\/span><\/a><\/div><\/li>\n<li><div class=\"wp-block-latest-posts__featured-image\"><a href=\"https:\/\/silla.industries\/es\/ricarica-auto-elettrica-notte-senza-blackout\/\" aria-label=\"Recargar el coche el\u00e9ctrico por la noche sin apagones: c\u00f3mo evitar que salte el contador\"><img loading=\"lazy\" decoding=\"async\" width=\"700\" height=\"394\" src=\"https:\/\/silla.industries\/wp-content\/uploads\/2025\/07\/ricarica-auto-elettrica-notte-senza-blackout-1024x576.png\" class=\"attachment-large size-large wp-post-image\" alt=\"Ricaricare l&#039;auto elettrica di notte senza blackout\" style=\"\" srcset=\"https:\/\/silla.industries\/wp-content\/uploads\/2025\/07\/ricarica-auto-elettrica-notte-senza-blackout-1024x576.png 1024w, https:\/\/silla.industries\/wp-content\/uploads\/2025\/07\/ricarica-auto-elettrica-notte-senza-blackout-600x338.png 600w, https:\/\/silla.industries\/wp-content\/uploads\/2025\/07\/ricarica-auto-elettrica-notte-senza-blackout-300x169.png 300w, https:\/\/silla.industries\/wp-content\/uploads\/2025\/07\/ricarica-auto-elettrica-notte-senza-blackout-768x432.png 768w, https:\/\/silla.industries\/wp-content\/uploads\/2025\/07\/ricarica-auto-elettrica-notte-senza-blackout.png 1200w\" sizes=\"(max-width: 700px) 100vw, 700px\" \/><\/a><\/div><a class=\"wp-block-latest-posts__post-title\" href=\"https:\/\/silla.industries\/es\/ricarica-auto-elettrica-notte-senza-blackout\/\">Recargar el coche el\u00e9ctrico por la noche sin apagones: c\u00f3mo evitar que salte el contador<\/a><time datetime=\"2025-07-28T05:28:00+02:00\" class=\"wp-block-latest-posts__post-date\">28 de julio de 2025<\/time><div class=\"wp-block-latest-posts__post-excerpt\">Los estudios afirman que m\u00e1s del 70% de las recargas dom\u00e9sticas se producen durante la tarde o la noche, cuando las tarifas son m\u00e1s baratas. Pero tambi\u00e9n es la franja horaria en la que se encienden aparatos de gran consumo, como calderas, bombas de calor y lavadoras. <a href=\"https:\/\/silla.industries\/es\/ricarica-auto-elettrica-notte-senza-blackout\/\" class=\"more-link\"><span>Seguir leyendo<\/span><span class=\"screen-reader-text\">Recargar el coche el\u00e9ctrico por la noche sin apagones: c\u00f3mo evitar que salte el contador<\/span><\/a><\/div><\/li>\n<li><div class=\"wp-block-latest-posts__featured-image\"><a href=\"https:\/\/silla.industries\/es\/scegliere-migliore-wallbox-2025\/\" aria-label=\"C\u00f3mo elegir el mejor wallbox en 2025: gu\u00eda para la recarga de coches el\u00e9ctricos en hogares y empresas\"><img loading=\"lazy\" decoding=\"async\" width=\"700\" height=\"408\" src=\"https:\/\/silla.industries\/wp-content\/uploads\/2025\/06\/scegliere-migliore-wallbox-2025-guida-alla-ricarica-auto-elettrica-1024x597.jpg\" class=\"attachment-large size-large wp-post-image\" alt=\"Scegliere la migliore wallbox nel 2025\" style=\"\" srcset=\"https:\/\/silla.industries\/wp-content\/uploads\/2025\/06\/scegliere-migliore-wallbox-2025-guida-alla-ricarica-auto-elettrica-1024x597.jpg 1024w, https:\/\/silla.industries\/wp-content\/uploads\/2025\/06\/scegliere-migliore-wallbox-2025-guida-alla-ricarica-auto-elettrica-600x350.jpg 600w, https:\/\/silla.industries\/wp-content\/uploads\/2025\/06\/scegliere-migliore-wallbox-2025-guida-alla-ricarica-auto-elettrica-300x175.jpg 300w, https:\/\/silla.industries\/wp-content\/uploads\/2025\/06\/scegliere-migliore-wallbox-2025-guida-alla-ricarica-auto-elettrica-768x448.jpg 768w, https:\/\/silla.industries\/wp-content\/uploads\/2025\/06\/scegliere-migliore-wallbox-2025-guida-alla-ricarica-auto-elettrica.jpg 1200w\" sizes=\"(max-width: 700px) 100vw, 700px\" \/><\/a><\/div><a class=\"wp-block-latest-posts__post-title\" href=\"https:\/\/silla.industries\/es\/scegliere-migliore-wallbox-2025\/\">C\u00f3mo elegir el mejor wallbox en 2025: gu\u00eda para la recarga de coches el\u00e9ctricos en hogares y empresas<\/a><time datetime=\"2025-06-23T05:30:00+02:00\" class=\"wp-block-latest-posts__post-date\">23 de junio de 2025<\/time><div class=\"wp-block-latest-posts__post-excerpt\">En esta gu\u00eda examinamos todos los factores que debes tener en cuenta a la hora de elegir la Wallbox adecuada para tus necesidades de carga, ya sean dom\u00e9sticas o empresariales.<a href=\"https:\/\/silla.industries\/es\/scegliere-migliore-wallbox-2025\/\" class=\"more-link\"><span>Seguir leyendo<\/span><span class=\"screen-reader-text\">C\u00f3mo elegir el mejor wallbox en 2025: gu\u00eda para la recarga de coches el\u00e9ctricos en hogares y empresas<\/span><\/a><\/div><\/li>\n<li><div class=\"wp-block-latest-posts__featured-image\"><a href=\"https:\/\/silla.industries\/es\/cavo-ricarica-auto-quale-scegliere\/\" aria-label=\"Qu\u00e9 cable de carga de coche elegir seg\u00fan tu veh\u00edculo\"><img loading=\"lazy\" decoding=\"async\" width=\"700\" height=\"408\" src=\"https:\/\/silla.industries\/wp-content\/uploads\/2025\/06\/scegliere-cavo-ricarica-auto-elettrica-1024x597.jpg\" class=\"attachment-large size-large wp-post-image\" alt=\"Scegliere il cavo di ricarica per auto elettrica\" style=\"\" srcset=\"https:\/\/silla.industries\/wp-content\/uploads\/2025\/06\/scegliere-cavo-ricarica-auto-elettrica-1024x597.jpg 1024w, https:\/\/silla.industries\/wp-content\/uploads\/2025\/06\/scegliere-cavo-ricarica-auto-elettrica-600x350.jpg 600w, https:\/\/silla.industries\/wp-content\/uploads\/2025\/06\/scegliere-cavo-ricarica-auto-elettrica-300x175.jpg 300w, https:\/\/silla.industries\/wp-content\/uploads\/2025\/06\/scegliere-cavo-ricarica-auto-elettrica-768x448.jpg 768w, https:\/\/silla.industries\/wp-content\/uploads\/2025\/06\/scegliere-cavo-ricarica-auto-elettrica.jpg 1200w\" sizes=\"(max-width: 700px) 100vw, 700px\" \/><\/a><\/div><a class=\"wp-block-latest-posts__post-title\" href=\"https:\/\/silla.industries\/es\/cavo-ricarica-auto-quale-scegliere\/\">Qu\u00e9 cable de carga de coche elegir seg\u00fan tu veh\u00edculo<\/a><time datetime=\"2025-06-16T18:00:00+02:00\" class=\"wp-block-latest-posts__post-date\">16 de junio de 2025<\/time><div class=\"wp-block-latest-posts__post-excerpt\">Gu\u00eda completa para elegir un cable de carga para coches el\u00e9ctricos<a href=\"https:\/\/silla.industries\/es\/cavo-ricarica-auto-quale-scegliere\/\" class=\"more-link\"><span>Seguir leyendo<\/span><span class=\"screen-reader-text\">Qu\u00e9 cable de carga de coche elegir seg\u00fan tu veh\u00edculo<\/span><\/a><\/div><\/li>\n<li><div class=\"wp-block-latest-posts__featured-image\"><a href=\"https:\/\/silla.industries\/es\/9-app-per-un-viaggio-elettrizzante\/\" aria-label=\"9 APPs para un viaje &quot;electrizante\"><img loading=\"lazy\" decoding=\"async\" width=\"700\" height=\"472\" src=\"https:\/\/silla.industries\/wp-content\/uploads\/2021\/06\/front-view-happy-man-enjoying-nature-while-road-trip-1024x691.jpg\" class=\"attachment-large size-large wp-post-image\" alt=\"in viaggio con la vettura elettrica\" style=\"\" srcset=\"https:\/\/silla.industries\/wp-content\/uploads\/2021\/06\/front-view-happy-man-enjoying-nature-while-road-trip-1024x691.jpg 1024w, https:\/\/silla.industries\/wp-content\/uploads\/2021\/06\/front-view-happy-man-enjoying-nature-while-road-trip-300x202.jpg 300w, https:\/\/silla.industries\/wp-content\/uploads\/2021\/06\/front-view-happy-man-enjoying-nature-while-road-trip-768x518.jpg 768w, https:\/\/silla.industries\/wp-content\/uploads\/2021\/06\/front-view-happy-man-enjoying-nature-while-road-trip-1536x1036.jpg 1536w, https:\/\/silla.industries\/wp-content\/uploads\/2021\/06\/front-view-happy-man-enjoying-nature-while-road-trip-2048x1381.jpg 2048w, https:\/\/silla.industries\/wp-content\/uploads\/2021\/06\/front-view-happy-man-enjoying-nature-while-road-trip-360x243.jpg 360w, https:\/\/silla.industries\/wp-content\/uploads\/2021\/06\/front-view-happy-man-enjoying-nature-while-road-trip-1200x809.jpg 1200w, https:\/\/silla.industries\/wp-content\/uploads\/2021\/06\/front-view-happy-man-enjoying-nature-while-road-trip-1980x1335.jpg 1980w, https:\/\/silla.industries\/wp-content\/uploads\/2021\/06\/front-view-happy-man-enjoying-nature-while-road-trip-1320x890.jpg 1320w, https:\/\/silla.industries\/wp-content\/uploads\/2021\/06\/front-view-happy-man-enjoying-nature-while-road-trip-26x18.jpg 26w, https:\/\/silla.industries\/wp-content\/uploads\/2021\/06\/front-view-happy-man-enjoying-nature-while-road-trip-36x24.jpg 36w, https:\/\/silla.industries\/wp-content\/uploads\/2021\/06\/front-view-happy-man-enjoying-nature-while-road-trip-48x32.jpg 48w, https:\/\/silla.industries\/wp-content\/uploads\/2021\/06\/front-view-happy-man-enjoying-nature-while-road-trip-600x405.jpg 600w\" sizes=\"(max-width: 700px) 100vw, 700px\" \/><\/a><\/div><a class=\"wp-block-latest-posts__post-title\" href=\"https:\/\/silla.industries\/es\/9-app-per-un-viaggio-elettrizzante\/\">9 APPs para un viaje \"electrizante<\/a><time datetime=\"2025-06-01T08:32:56+02:00\" class=\"wp-block-latest-posts__post-date\">1 de junio de 2025<\/time><div class=\"wp-block-latest-posts__post-excerpt\">Viajar en coche el\u00e9ctrico es cada vez m\u00e1s natural, y con las aplicaciones que nos ayudan a encontrar estaciones de carga cerca de nosotros y las que nos permiten gestionar la carga de nuestro coche el\u00e9ctrico en casa, tambi\u00e9n es cada vez m\u00e1s f\u00e1cil.  <a href=\"https:\/\/silla.industries\/es\/9-app-per-un-viaggio-elettrizzante\/\" class=\"more-link\"><span>Seguir leyendo<\/span><span class=\"screen-reader-text\">9 APPs para un viaje \"electrizante<\/span><\/a><\/div><\/li>\n<li><div class=\"wp-block-latest-posts__featured-image\"><a href=\"https:\/\/silla.industries\/es\/perche-la-colonnina-di-ricarica-conviene\/\" aria-label=\"Querida energ\u00eda, \u00bfpor qu\u00e9 es rentable el pilar de recarga?\"><img loading=\"lazy\" decoding=\"async\" width=\"700\" height=\"432\" src=\"https:\/\/silla.industries\/wp-content\/uploads\/2022\/09\/Prism-solar-rfid-by-silla-industries-1024x632.jpg\" class=\"attachment-large size-large wp-post-image\" alt=\"Ragazzo appoggia il cavo su Prism\" style=\"\" srcset=\"https:\/\/silla.industries\/wp-content\/uploads\/2022\/09\/Prism-solar-rfid-by-silla-industries-1024x632.jpg 1024w, https:\/\/silla.industries\/wp-content\/uploads\/2022\/09\/Prism-solar-rfid-by-silla-industries-600x370.jpg 600w, https:\/\/silla.industries\/wp-content\/uploads\/2022\/09\/Prism-solar-rfid-by-silla-industries-300x185.jpg 300w, https:\/\/silla.industries\/wp-content\/uploads\/2022\/09\/Prism-solar-rfid-by-silla-industries-768x474.jpg 768w, https:\/\/silla.industries\/wp-content\/uploads\/2022\/09\/Prism-solar-rfid-by-silla-industries-1536x948.jpg 1536w, https:\/\/silla.industries\/wp-content\/uploads\/2022\/09\/Prism-solar-rfid-by-silla-industries-1200x741.jpg 1200w, https:\/\/silla.industries\/wp-content\/uploads\/2022\/09\/Prism-solar-rfid-by-silla-industries-1320x815.jpg 1320w, https:\/\/silla.industries\/wp-content\/uploads\/2022\/09\/Prism-solar-rfid-by-silla-industries.jpg 1920w\" sizes=\"(max-width: 700px) 100vw, 700px\" \/><\/a><\/div><a class=\"wp-block-latest-posts__post-title\" href=\"https:\/\/silla.industries\/es\/perche-la-colonnina-di-ricarica-conviene\/\">Querida energ\u00eda, \u00bfpor qu\u00e9 es rentable el pilar de recarga?<\/a><time datetime=\"2025-02-22T11:19:00+01:00\" class=\"wp-block-latest-posts__post-date\">22 de febrero de 2025<\/time><div class=\"wp-block-latest-posts__post-excerpt\">\u00bfPor qu\u00e9 instalar una Wallbox? Incluso en esta \u00e9poca marcada por la crisis energ\u00e9tica, para el motorista el\u00e9ctrico la compra de un wallbox es una ventaja tanto en t\u00e9rminos de comodidad como de confort. Todo ello si se toman las precauciones adecuadas y se elige el producto adecuado.    \n<a href=\"https:\/\/silla.industries\/es\/perche-la-colonnina-di-ricarica-conviene\/\" class=\"more-link\"><span>Seguir leyendo<\/span><span class=\"screen-reader-text\">Querida energ\u00eda, \u00bfpor qu\u00e9 es rentable el pilar de recarga?<\/span><\/a><\/div><\/li>\n<li><div class=\"wp-block-latest-posts__featured-image\"><a href=\"https:\/\/silla.industries\/es\/wallbox-in-condominio-2024\/\" aria-label=\"Gu\u00eda para la carga de veh\u00edculos el\u00e9ctricos en edificios de viviendas\"><img loading=\"lazy\" decoding=\"async\" width=\"700\" height=\"366\" src=\"https:\/\/silla.industries\/wp-content\/uploads\/2024\/06\/IMG-ricaricare-in-condominio-1024x536.png\" class=\"attachment-large size-large wp-post-image\" alt=\"guida alla ricarica dei veicoli elettrici in condominio\" style=\"\" srcset=\"https:\/\/silla.industries\/wp-content\/uploads\/2024\/06\/IMG-ricaricare-in-condominio-1024x536.png 1024w, https:\/\/silla.industries\/wp-content\/uploads\/2024\/06\/IMG-ricaricare-in-condominio-600x314.png 600w, https:\/\/silla.industries\/wp-content\/uploads\/2024\/06\/IMG-ricaricare-in-condominio-300x157.png 300w, https:\/\/silla.industries\/wp-content\/uploads\/2024\/06\/IMG-ricaricare-in-condominio-768x402.png 768w, https:\/\/silla.industries\/wp-content\/uploads\/2024\/06\/IMG-ricaricare-in-condominio.png 1200w\" sizes=\"(max-width: 700px) 100vw, 700px\" \/><\/a><\/div><a class=\"wp-block-latest-posts__post-title\" href=\"https:\/\/silla.industries\/es\/wallbox-in-condominio-2024\/\">Gu\u00eda para la carga de veh\u00edculos el\u00e9ctricos en edificios de viviendas<\/a><time datetime=\"2024-06-21T12:12:41+02:00\" class=\"wp-block-latest-posts__post-date\">21 de junio de 2024<\/time><div class=\"wp-block-latest-posts__post-excerpt\">Todo lo que debes saber sobre la carga en los edificios de viviendas<a href=\"https:\/\/silla.industries\/es\/wallbox-in-condominio-2024\/\" class=\"more-link\"><span>Seguir leyendo<\/span><span class=\"screen-reader-text\">Gu\u00eda para la carga de veh\u00edculos el\u00e9ctricos en edificios de viviendas<\/span><\/a><\/div><\/li>\n<li><div class=\"wp-block-latest-posts__featured-image\"><a href=\"https:\/\/silla.industries\/es\/incentivi-auto-2024-bonus-auto-italia\/\" aria-label=\"Incentivos para coches 2024: gu\u00eda completa del nuevo Ecobono italiano\"><img loading=\"lazy\" decoding=\"async\" width=\"700\" height=\"366\" src=\"https:\/\/silla.industries\/wp-content\/uploads\/2024\/05\/Incentivi-auto-24-1024x536.png\" class=\"attachment-large size-large wp-post-image\" alt=\"incentivi auto 2024\" style=\"\" srcset=\"https:\/\/silla.industries\/wp-content\/uploads\/2024\/05\/Incentivi-auto-24-1024x536.png 1024w, https:\/\/silla.industries\/wp-content\/uploads\/2024\/05\/Incentivi-auto-24-600x314.png 600w, https:\/\/silla.industries\/wp-content\/uploads\/2024\/05\/Incentivi-auto-24-300x157.png 300w, https:\/\/silla.industries\/wp-content\/uploads\/2024\/05\/Incentivi-auto-24-768x402.png 768w, https:\/\/silla.industries\/wp-content\/uploads\/2024\/05\/Incentivi-auto-24.png 1200w\" sizes=\"(max-width: 700px) 100vw, 700px\" \/><\/a><\/div><a class=\"wp-block-latest-posts__post-title\" href=\"https:\/\/silla.industries\/es\/incentivi-auto-2024-bonus-auto-italia\/\">Incentivos para coches 2024: gu\u00eda completa del nuevo Ecobono italiano<\/a><time datetime=\"2024-05-27T15:10:29+02:00\" class=\"wp-block-latest-posts__post-date\">27 de mayo de 2024<\/time><div class=\"wp-block-latest-posts__post-excerpt\">Se ha publicado el decreto que regula el acceso a los incentivos automovil\u00edsticos. Averigua qu\u00e9 modelos pueden optar a ellos, los requisitos que deben cumplir los solicitantes y c\u00f3mo acceder a ellos. <a href=\"https:\/\/silla.industries\/es\/incentivi-auto-2024-bonus-auto-italia\/\" class=\"more-link\"><span>Seguir leyendo<\/span><span class=\"screen-reader-text\">Incentivos para coches 2024: gu\u00eda completa del nuevo Ecobono italiano<\/span><\/a><\/div><\/li>\n<li><div class=\"wp-block-latest-posts__featured-image\"><a href=\"https:\/\/silla.industries\/es\/installare-una-wallbox\/\" aria-label=\"Instalaci\u00f3n de una Wallbox: primeros pasos\"><img loading=\"lazy\" decoding=\"async\" width=\"700\" height=\"366\" src=\"https:\/\/silla.industries\/wp-content\/uploads\/2024\/03\/IMG-installare-wallbox-1024x536.png\" class=\"attachment-large size-large wp-post-image\" alt=\"installare una wallbox i primi passi\" style=\"\" srcset=\"https:\/\/silla.industries\/wp-content\/uploads\/2024\/03\/IMG-installare-wallbox-1024x536.png 1024w, https:\/\/silla.industries\/wp-content\/uploads\/2024\/03\/IMG-installare-wallbox-600x314.png 600w, https:\/\/silla.industries\/wp-content\/uploads\/2024\/03\/IMG-installare-wallbox-300x157.png 300w, https:\/\/silla.industries\/wp-content\/uploads\/2024\/03\/IMG-installare-wallbox-768x402.png 768w, https:\/\/silla.industries\/wp-content\/uploads\/2024\/03\/IMG-installare-wallbox.png 1200w\" sizes=\"(max-width: 700px) 100vw, 700px\" \/><\/a><\/div><a class=\"wp-block-latest-posts__post-title\" href=\"https:\/\/silla.industries\/es\/installare-una-wallbox\/\">Instalaci\u00f3n de una Wallbox: primeros pasos<\/a><time datetime=\"2024-03-26T11:13:00+01:00\" class=\"wp-block-latest-posts__post-date\">26 de marzo de 2024<\/time><div class=\"wp-block-latest-posts__post-excerpt\">Instala un wallbox desde cero, para cargar tu coche el\u00e9ctrico en casa, en la empresa \u00a1y m\u00e1s all\u00e1! Averigua qui\u00e9n puede ayudarte a instalar tu estaci\u00f3n de carga <a href=\"https:\/\/silla.industries\/es\/installare-una-wallbox\/\" class=\"more-link\"><span>Seguir leyendo<\/span><span class=\"screen-reader-text\">Instalaci\u00f3n de una Wallbox: primeros pasos<\/span><\/a><\/div><\/li>\n<li><div class=\"wp-block-latest-posts__featured-image\"><a href=\"https:\/\/silla.industries\/es\/comunita-energetiche-rinnovabili\/\" aria-label=\"Comunidades de Energ\u00edas Renovables y la Red Inteligente: hacia un futuro sostenible\"><img loading=\"lazy\" decoding=\"async\" width=\"700\" height=\"367\" src=\"https:\/\/silla.industries\/wp-content\/uploads\/2024\/02\/IMG-comunita-energetiche-rinnovabili-1024x537.png\" class=\"attachment-large size-large wp-post-image\" alt=\"comunita energetiche rinnovabili\" style=\"\" srcset=\"https:\/\/silla.industries\/wp-content\/uploads\/2024\/02\/IMG-comunita-energetiche-rinnovabili-1024x537.png 1024w, https:\/\/silla.industries\/wp-content\/uploads\/2024\/02\/IMG-comunita-energetiche-rinnovabili-600x314.png 600w, https:\/\/silla.industries\/wp-content\/uploads\/2024\/02\/IMG-comunita-energetiche-rinnovabili-300x157.png 300w, https:\/\/silla.industries\/wp-content\/uploads\/2024\/02\/IMG-comunita-energetiche-rinnovabili-768x402.png 768w, https:\/\/silla.industries\/wp-content\/uploads\/2024\/02\/IMG-comunita-energetiche-rinnovabili.png 1080w\" sizes=\"(max-width: 700px) 100vw, 700px\" \/><\/a><\/div><a class=\"wp-block-latest-posts__post-title\" href=\"https:\/\/silla.industries\/es\/comunita-energetiche-rinnovabili\/\">Comunidades de Energ\u00edas Renovables y la Red Inteligente: hacia un futuro sostenible<\/a><time datetime=\"2024-02-16T11:16:54+01:00\" class=\"wp-block-latest-posts__post-date\">16 de febrero de 2024<\/time><div class=\"wp-block-latest-posts__post-excerpt\">El concepto de Comunidades de Energ\u00edas Renovables (CER) est\u00e1 adquiriendo cada vez m\u00e1s relevancia en el panorama energ\u00e9tico. \u00bfC\u00f3mo difunden las CER la cultura de la sostenibilidad medioambiental y la conservaci\u00f3n de los recursos? <a href=\"https:\/\/silla.industries\/es\/comunita-energetiche-rinnovabili\/\" class=\"more-link\"><span>Seguir leyendo<\/span><span class=\"screen-reader-text\">Comunidades de Energ\u00edas Renovables y la Red Inteligente: hacia un futuro sostenible<\/span><\/a><\/div><\/li>\n<li><div class=\"wp-block-latest-posts__featured-image\"><a href=\"https:\/\/silla.industries\/es\/installazione-di-una-colonnina-di-ricarica\/\" aria-label=\"Instalaci\u00f3n de una estaci\u00f3n de recarga, estudio del emplazamiento incluido\"><img loading=\"lazy\" decoding=\"async\" width=\"700\" height=\"393\" src=\"https:\/\/silla.industries\/wp-content\/uploads\/2023\/10\/Install-Prism-1024x575.jpg\" class=\"attachment-large size-large wp-post-image\" alt=\"\" style=\"\" srcset=\"https:\/\/silla.industries\/wp-content\/uploads\/2023\/10\/Install-Prism-1024x575.jpg 1024w, https:\/\/silla.industries\/wp-content\/uploads\/2023\/10\/Install-Prism-600x337.jpg 600w, https:\/\/silla.industries\/wp-content\/uploads\/2023\/10\/Install-Prism-300x168.jpg 300w, https:\/\/silla.industries\/wp-content\/uploads\/2023\/10\/Install-Prism-768x431.jpg 768w, https:\/\/silla.industries\/wp-content\/uploads\/2023\/10\/Install-Prism-1536x862.jpg 1536w, https:\/\/silla.industries\/wp-content\/uploads\/2023\/10\/Install-Prism-1200x674.jpg 1200w, https:\/\/silla.industries\/wp-content\/uploads\/2023\/10\/Install-Prism-1320x741.jpg 1320w, https:\/\/silla.industries\/wp-content\/uploads\/2023\/10\/Install-Prism.jpg 1585w\" sizes=\"(max-width: 700px) 100vw, 700px\" \/><\/a><\/div><a class=\"wp-block-latest-posts__post-title\" href=\"https:\/\/silla.industries\/es\/installazione-di-una-colonnina-di-ricarica\/\">Instalaci\u00f3n de una estaci\u00f3n de recarga, estudio del emplazamiento incluido<\/a><time datetime=\"2023-11-02T09:10:09+01:00\" class=\"wp-block-latest-posts__post-date\">2 de noviembre de 2023<\/time><div class=\"wp-block-latest-posts__post-excerpt\">La Bonificaci\u00f3n por Estaci\u00f3n de Carga Domiciliaria 2023 exige la instalaci\u00f3n de estaciones de carga antes del 23 de noviembre de 2023.<a href=\"https:\/\/silla.industries\/es\/installazione-di-una-colonnina-di-ricarica\/\" class=\"more-link\"><span>Seguir leyendo<\/span><span class=\"screen-reader-text\">Instalaci\u00f3n de una estaci\u00f3n de recarga, estudio del emplazamiento incluido<\/span><\/a><\/div><\/li>\n<li><div class=\"wp-block-latest-posts__featured-image\"><a href=\"https:\/\/silla.industries\/es\/auto-elettriche-italia-2023\/\" aria-label=\"Coches el\u00e9ctricos Italia 2023, entre datos positivos y pol\u00e9mica\"><img loading=\"lazy\" decoding=\"async\" width=\"700\" height=\"394\" src=\"https:\/\/silla.industries\/wp-content\/uploads\/2023\/07\/IMG-mercato-auto-2023-1024x576.jpg\" class=\"attachment-large size-large wp-post-image\" alt=\"auto elettriche italia 2023 il dibattito continua\" style=\"\" srcset=\"https:\/\/silla.industries\/wp-content\/uploads\/2023\/07\/IMG-mercato-auto-2023-1024x576.jpg 1024w, https:\/\/silla.industries\/wp-content\/uploads\/2023\/07\/IMG-mercato-auto-2023-600x338.jpg 600w, https:\/\/silla.industries\/wp-content\/uploads\/2023\/07\/IMG-mercato-auto-2023-300x169.jpg 300w, https:\/\/silla.industries\/wp-content\/uploads\/2023\/07\/IMG-mercato-auto-2023-768x432.jpg 768w, https:\/\/silla.industries\/wp-content\/uploads\/2023\/07\/IMG-mercato-auto-2023-360x203.jpg 360w, https:\/\/silla.industries\/wp-content\/uploads\/2023\/07\/IMG-mercato-auto-2023-1536x864.jpg 1536w, https:\/\/silla.industries\/wp-content\/uploads\/2023\/07\/IMG-mercato-auto-2023-1200x675.jpg 1200w, https:\/\/silla.industries\/wp-content\/uploads\/2023\/07\/IMG-mercato-auto-2023-1320x743.jpg 1320w, https:\/\/silla.industries\/wp-content\/uploads\/2023\/07\/IMG-mercato-auto-2023.jpg 1600w\" sizes=\"(max-width: 700px) 100vw, 700px\" \/><\/a><\/div><a class=\"wp-block-latest-posts__post-title\" href=\"https:\/\/silla.industries\/es\/auto-elettriche-italia-2023\/\">Coches el\u00e9ctricos Italia 2023, entre datos positivos y pol\u00e9mica<\/a><time datetime=\"2023-09-08T08:57:52+02:00\" class=\"wp-block-latest-posts__post-date\">8 de septiembre de 2023<\/time><div class=\"wp-block-latest-posts__post-excerpt\">El parque de BEV crece en medio de datos favorables, comparaciones con las mejores pr\u00e1cticas europeas y las opiniones encontradas que animan a la opini\u00f3n p\u00fablica.  \n\u00c9stas fueron el punto de partida de una reflexi\u00f3n de nuestro director general, Alberto Stecca.  <a href=\"https:\/\/silla.industries\/es\/auto-elettriche-italia-2023\/\" class=\"more-link\"><span>Seguir leyendo<\/span><span class=\"screen-reader-text\">Coches el\u00e9ctricos Italia 2023, entre datos positivos y pol\u00e9mica<\/span><\/a><\/div><\/li>\n<li><div class=\"wp-block-latest-posts__featured-image\"><a href=\"https:\/\/silla.industries\/es\/colonnine-di-ricarica-in-europa-dati-2023\/\" aria-label=\"Aumentan las estaciones de recarga en Europa hasta 2023\"><img loading=\"lazy\" decoding=\"async\" width=\"700\" height=\"394\" src=\"https:\/\/silla.industries\/wp-content\/uploads\/2023\/07\/IMG-colonnine-di-ricarica-in-crescita-1024x576.jpg\" class=\"attachment-large size-large wp-post-image\" alt=\"colonnine di ricarica in europa 2026\" style=\"\" srcset=\"https:\/\/silla.industries\/wp-content\/uploads\/2023\/07\/IMG-colonnine-di-ricarica-in-crescita-1024x576.jpg 1024w, https:\/\/silla.industries\/wp-content\/uploads\/2023\/07\/IMG-colonnine-di-ricarica-in-crescita-300x169.jpg 300w, https:\/\/silla.industries\/wp-content\/uploads\/2023\/07\/IMG-colonnine-di-ricarica-in-crescita-768x432.jpg 768w, https:\/\/silla.industries\/wp-content\/uploads\/2023\/07\/IMG-colonnine-di-ricarica-in-crescita-360x203.jpg 360w, https:\/\/silla.industries\/wp-content\/uploads\/2023\/07\/IMG-colonnine-di-ricarica-in-crescita-1536x864.jpg 1536w, https:\/\/silla.industries\/wp-content\/uploads\/2023\/07\/IMG-colonnine-di-ricarica-in-crescita-1200x675.jpg 1200w, https:\/\/silla.industries\/wp-content\/uploads\/2023\/07\/IMG-colonnine-di-ricarica-in-crescita-1320x743.jpg 1320w, https:\/\/silla.industries\/wp-content\/uploads\/2023\/07\/IMG-colonnine-di-ricarica-in-crescita-600x338.jpg 600w, https:\/\/silla.industries\/wp-content\/uploads\/2023\/07\/IMG-colonnine-di-ricarica-in-crescita.jpg 1600w\" sizes=\"(max-width: 700px) 100vw, 700px\" \/><\/a><\/div><a class=\"wp-block-latest-posts__post-title\" href=\"https:\/\/silla.industries\/es\/colonnine-di-ricarica-in-europa-dati-2023\/\">Aumentan las estaciones de recarga en Europa hasta 2023<\/a><time datetime=\"2023-08-08T08:55:34+02:00\" class=\"wp-block-latest-posts__post-date\">8 de agosto de 2023<\/time><div class=\"wp-block-latest-posts__post-excerpt\">La evoluci\u00f3n de la red de tarificaci\u00f3n contin\u00faa con la normativa procedente del Consejo Europeo<a href=\"https:\/\/silla.industries\/es\/colonnine-di-ricarica-in-europa-dati-2023\/\" class=\"more-link\"><span>Seguir leyendo<\/span><span class=\"screen-reader-text\">Aumentan las estaciones de recarga en Europa hasta 2023<\/span><\/a><\/div><\/li>\n<li><div class=\"wp-block-latest-posts__featured-image\"><a href=\"https:\/\/silla.industries\/es\/parco-agrisolare-2023-bando-agrisolare\/\" aria-label=\"Incentivos Parque Agrisolar 2023 - As\u00ed se consiguen\"><img loading=\"lazy\" decoding=\"async\" width=\"700\" height=\"394\" src=\"https:\/\/silla.industries\/wp-content\/uploads\/2023\/07\/IMG-bando-agrisolare-fotovoltaico-2023-1024x576.jpg\" class=\"attachment-large size-large wp-post-image\" alt=\"parco agrisolare 2023 ora sappiamo da quanddo e come procedere con le domande\" style=\"\" srcset=\"https:\/\/silla.industries\/wp-content\/uploads\/2023\/07\/IMG-bando-agrisolare-fotovoltaico-2023-1024x576.jpg 1024w, https:\/\/silla.industries\/wp-content\/uploads\/2023\/07\/IMG-bando-agrisolare-fotovoltaico-2023-600x338.jpg 600w, https:\/\/silla.industries\/wp-content\/uploads\/2023\/07\/IMG-bando-agrisolare-fotovoltaico-2023-300x169.jpg 300w, https:\/\/silla.industries\/wp-content\/uploads\/2023\/07\/IMG-bando-agrisolare-fotovoltaico-2023-768x432.jpg 768w, https:\/\/silla.industries\/wp-content\/uploads\/2023\/07\/IMG-bando-agrisolare-fotovoltaico-2023-360x203.jpg 360w, https:\/\/silla.industries\/wp-content\/uploads\/2023\/07\/IMG-bando-agrisolare-fotovoltaico-2023-1536x864.jpg 1536w, https:\/\/silla.industries\/wp-content\/uploads\/2023\/07\/IMG-bando-agrisolare-fotovoltaico-2023-1200x675.jpg 1200w, https:\/\/silla.industries\/wp-content\/uploads\/2023\/07\/IMG-bando-agrisolare-fotovoltaico-2023-1320x743.jpg 1320w, https:\/\/silla.industries\/wp-content\/uploads\/2023\/07\/IMG-bando-agrisolare-fotovoltaico-2023.jpg 1600w\" sizes=\"(max-width: 700px) 100vw, 700px\" \/><\/a><\/div><a class=\"wp-block-latest-posts__post-title\" href=\"https:\/\/silla.industries\/es\/parco-agrisolare-2023-bando-agrisolare\/\">Incentivos Parque Agrisolar 2023 - As\u00ed se consiguen<\/a><time datetime=\"2023-07-28T14:26:49+02:00\" class=\"wp-block-latest-posts__post-date\">28 de julio de 2023<\/time><div class=\"wp-block-latest-posts__post-excerpt\">Se podr\u00e1 solicitar en el sitio web del IGE del 12 de septiembre al 12 de octubre. Se prev\u00e9n incentivos de hasta 30.000 euros para quienes instalen dispositivos de carga para coches el\u00e9ctricos <a href=\"https:\/\/silla.industries\/es\/parco-agrisolare-2023-bando-agrisolare\/\" class=\"more-link\"><span>Seguir leyendo<\/span><span class=\"screen-reader-text\">Incentivos Parque Agrisolar 2023 - As\u00ed se consiguen<\/span><\/a><\/div><\/li>\n<li><div class=\"wp-block-latest-posts__featured-image\"><a href=\"https:\/\/silla.industries\/es\/20-anni-tesla-storia\/\" aria-label=\"Tesla cumple 20 a\u00f1os\"><img loading=\"lazy\" decoding=\"async\" width=\"700\" height=\"394\" src=\"https:\/\/silla.industries\/wp-content\/uploads\/2023\/07\/IMG-tesla-anniversario-20-anni-1024x576.jpg\" class=\"attachment-large size-large wp-post-image\" alt=\"Tesla compie 20 anni\" style=\"\" srcset=\"https:\/\/silla.industries\/wp-content\/uploads\/2023\/07\/IMG-tesla-anniversario-20-anni-1024x576.jpg 1024w, https:\/\/silla.industries\/wp-content\/uploads\/2023\/07\/IMG-tesla-anniversario-20-anni-600x338.jpg 600w, https:\/\/silla.industries\/wp-content\/uploads\/2023\/07\/IMG-tesla-anniversario-20-anni-300x169.jpg 300w, https:\/\/silla.industries\/wp-content\/uploads\/2023\/07\/IMG-tesla-anniversario-20-anni-768x432.jpg 768w, https:\/\/silla.industries\/wp-content\/uploads\/2023\/07\/IMG-tesla-anniversario-20-anni-360x203.jpg 360w, https:\/\/silla.industries\/wp-content\/uploads\/2023\/07\/IMG-tesla-anniversario-20-anni-1536x864.jpg 1536w, https:\/\/silla.industries\/wp-content\/uploads\/2023\/07\/IMG-tesla-anniversario-20-anni-1200x675.jpg 1200w, https:\/\/silla.industries\/wp-content\/uploads\/2023\/07\/IMG-tesla-anniversario-20-anni-1320x743.jpg 1320w, https:\/\/silla.industries\/wp-content\/uploads\/2023\/07\/IMG-tesla-anniversario-20-anni.jpg 1600w\" sizes=\"(max-width: 700px) 100vw, 700px\" \/><\/a><\/div><a class=\"wp-block-latest-posts__post-title\" href=\"https:\/\/silla.industries\/es\/20-anni-tesla-storia\/\">Tesla cumple 20 a\u00f1os<\/a><time datetime=\"2023-07-14T08:49:52+02:00\" class=\"wp-block-latest-posts__post-date\">14 de julio de 2023<\/time><div class=\"wp-block-latest-posts__post-excerpt\">2003-2023: La empresa que puso patas arriba la industria del autom\u00f3vil cumpli\u00f3 20 a\u00f1os el 1 de julio. Repasamos los momentos m\u00e1s destacados de su historia <a href=\"https:\/\/silla.industries\/es\/20-anni-tesla-storia\/\" class=\"more-link\"><span>Seguir leyendo<\/span><span class=\"screen-reader-text\">Tesla cumple 20 a\u00f1os<\/span><\/a><\/div><\/li>\n<li><div class=\"wp-block-latest-posts__featured-image\"><a href=\"https:\/\/silla.industries\/es\/nacs-ccs2\/\" aria-label=\"\u00bfNACS o CCS 2?\"><img loading=\"lazy\" decoding=\"async\" width=\"700\" height=\"394\" src=\"https:\/\/silla.industries\/wp-content\/uploads\/2023\/07\/IMG-nacs-ccs2-confronto-1024x576.jpg\" class=\"attachment-large size-large wp-post-image\" alt=\"nacs e ccs2 si contendono la posizione di standard in usa\" style=\"\" srcset=\"https:\/\/silla.industries\/wp-content\/uploads\/2023\/07\/IMG-nacs-ccs2-confronto-1024x576.jpg 1024w, https:\/\/silla.industries\/wp-content\/uploads\/2023\/07\/IMG-nacs-ccs2-confronto-600x338.jpg 600w, https:\/\/silla.industries\/wp-content\/uploads\/2023\/07\/IMG-nacs-ccs2-confronto-300x169.jpg 300w, https:\/\/silla.industries\/wp-content\/uploads\/2023\/07\/IMG-nacs-ccs2-confronto-768x432.jpg 768w, https:\/\/silla.industries\/wp-content\/uploads\/2023\/07\/IMG-nacs-ccs2-confronto-360x203.jpg 360w, https:\/\/silla.industries\/wp-content\/uploads\/2023\/07\/IMG-nacs-ccs2-confronto-1536x864.jpg 1536w, https:\/\/silla.industries\/wp-content\/uploads\/2023\/07\/IMG-nacs-ccs2-confronto-1200x675.jpg 1200w, https:\/\/silla.industries\/wp-content\/uploads\/2023\/07\/IMG-nacs-ccs2-confronto-1320x743.jpg 1320w, https:\/\/silla.industries\/wp-content\/uploads\/2023\/07\/IMG-nacs-ccs2-confronto.jpg 1600w\" sizes=\"(max-width: 700px) 100vw, 700px\" \/><\/a><\/div><a class=\"wp-block-latest-posts__post-title\" href=\"https:\/\/silla.industries\/es\/nacs-ccs2\/\">\u00bfNACS o CCS 2?<\/a><time datetime=\"2023-07-14T08:35:42+02:00\" class=\"wp-block-latest-posts__post-date\">14 de julio de 2023<\/time><div class=\"wp-block-latest-posts__post-excerpt\">Una reflexi\u00f3n sobre las normas actuales y potenciales es el tema central de nuestro documento de posici\u00f3n de julio<a href=\"https:\/\/silla.industries\/es\/nacs-ccs2\/\" class=\"more-link\"><span>Seguir leyendo<\/span><span class=\"screen-reader-text\">\u00bfNACS o CCS 2?<\/span><\/a><\/div><\/li>\n<li><div class=\"wp-block-latest-posts__featured-image\"><a href=\"https:\/\/silla.industries\/es\/obiettivi-net-zero-italia\/\" aria-label=\"\u00bfSiguen siendo alcanzables los objetivos de cero neto?\"><img loading=\"lazy\" decoding=\"async\" width=\"700\" height=\"394\" src=\"https:\/\/silla.industries\/wp-content\/uploads\/2023\/06\/IMG-obiettivi-netzero-1024x576.jpg\" class=\"attachment-large size-large wp-post-image\" alt=\"net zero gli obiettivi da raggiungere per l&#039;italia\" style=\"\" srcset=\"https:\/\/silla.industries\/wp-content\/uploads\/2023\/06\/IMG-obiettivi-netzero-1024x576.jpg 1024w, https:\/\/silla.industries\/wp-content\/uploads\/2023\/06\/IMG-obiettivi-netzero-600x338.jpg 600w, https:\/\/silla.industries\/wp-content\/uploads\/2023\/06\/IMG-obiettivi-netzero-300x169.jpg 300w, https:\/\/silla.industries\/wp-content\/uploads\/2023\/06\/IMG-obiettivi-netzero-768x432.jpg 768w, https:\/\/silla.industries\/wp-content\/uploads\/2023\/06\/IMG-obiettivi-netzero-360x203.jpg 360w, https:\/\/silla.industries\/wp-content\/uploads\/2023\/06\/IMG-obiettivi-netzero-1536x864.jpg 1536w, https:\/\/silla.industries\/wp-content\/uploads\/2023\/06\/IMG-obiettivi-netzero-1200x675.jpg 1200w, https:\/\/silla.industries\/wp-content\/uploads\/2023\/06\/IMG-obiettivi-netzero-1320x743.jpg 1320w, https:\/\/silla.industries\/wp-content\/uploads\/2023\/06\/IMG-obiettivi-netzero.jpg 1600w\" sizes=\"(max-width: 700px) 100vw, 700px\" \/><\/a><\/div><a class=\"wp-block-latest-posts__post-title\" href=\"https:\/\/silla.industries\/es\/obiettivi-net-zero-italia\/\">\u00bfSiguen siendo alcanzables los objetivos de cero neto?<\/a><time datetime=\"2023-06-15T13:35:36+02:00\" class=\"wp-block-latest-posts__post-date\">15 de junio de 2023<\/time><div class=\"wp-block-latest-posts__post-excerpt\">\u00bfContribuyen la pol\u00edtica, las finanzas y los medios de comunicaci\u00f3n a la consecuci\u00f3n de los objetivos netos cero? Lo debatimos en este art\u00edculo en profundidad <a href=\"https:\/\/silla.industries\/es\/obiettivi-net-zero-italia\/\" class=\"more-link\"><span>Seguir leyendo<\/span><span class=\"screen-reader-text\">\u00bfSiguen siendo alcanzables los objetivos de cero neto?<\/span><\/a><\/div><\/li>\n<li><div class=\"wp-block-latest-posts__featured-image\"><a href=\"https:\/\/silla.industries\/es\/packaging-di-prism\/\" aria-label=\"M\u00e1s sostenible, empezando por el envase de Prism\"><img loading=\"lazy\" decoding=\"async\" width=\"700\" height=\"390\" src=\"https:\/\/silla.industries\/wp-content\/uploads\/2023\/06\/IMG-cover_sostenibilita_1920x1080-1024x571.jpg\" class=\"attachment-large size-large wp-post-image\" alt=\"packaging pi\u00f9 sostenibile per vincere la sfida a impatto zero\" style=\"\" srcset=\"https:\/\/silla.industries\/wp-content\/uploads\/2023\/06\/IMG-cover_sostenibilita_1920x1080-1024x571.jpg 1024w, https:\/\/silla.industries\/wp-content\/uploads\/2023\/06\/IMG-cover_sostenibilita_1920x1080-600x335.jpg 600w, https:\/\/silla.industries\/wp-content\/uploads\/2023\/06\/IMG-cover_sostenibilita_1920x1080-300x167.jpg 300w, https:\/\/silla.industries\/wp-content\/uploads\/2023\/06\/IMG-cover_sostenibilita_1920x1080-768x428.jpg 768w, https:\/\/silla.industries\/wp-content\/uploads\/2023\/06\/IMG-cover_sostenibilita_1920x1080-360x201.jpg 360w, https:\/\/silla.industries\/wp-content\/uploads\/2023\/06\/IMG-cover_sostenibilita_1920x1080-1536x857.jpg 1536w, https:\/\/silla.industries\/wp-content\/uploads\/2023\/06\/IMG-cover_sostenibilita_1920x1080-1200x669.jpg 1200w, https:\/\/silla.industries\/wp-content\/uploads\/2023\/06\/IMG-cover_sostenibilita_1920x1080-1320x736.jpg 1320w, https:\/\/silla.industries\/wp-content\/uploads\/2023\/06\/IMG-cover_sostenibilita_1920x1080.jpg 1936w\" sizes=\"(max-width: 700px) 100vw, 700px\" \/><\/a><\/div><a class=\"wp-block-latest-posts__post-title\" href=\"https:\/\/silla.industries\/es\/packaging-di-prism\/\">M\u00e1s sostenible, empezando por el envase de Prism<\/a><time datetime=\"2023-06-15T13:16:37+02:00\" class=\"wp-block-latest-posts__post-date\">15 de junio de 2023<\/time><div class=\"wp-block-latest-posts__post-excerpt\">Facilitar el reciclaje, limitar el consumo de materias primas y reducir el peso son algunos de los efectos positivos del cambio de envase hacia una opci\u00f3n m\u00e1s ecol\u00f3gica. \u00bfQu\u00e9 ha cambiado en los envases de Prisma?   <a href=\"https:\/\/silla.industries\/es\/packaging-di-prism\/\" class=\"more-link\"><span>Seguir leyendo<\/span><span class=\"screen-reader-text\">M\u00e1s sostenible, empezando por el envase de Prism<\/span><\/a><\/div><\/li>\n<li><div class=\"wp-block-latest-posts__featured-image\"><a href=\"https:\/\/silla.industries\/es\/wallbox-domestiche-in-3-consigli\/\" aria-label=\"Cajas murales dom\u00e9sticas: \u00bfcu\u00e1l elegir? Desc\u00fabrelo en 3 consejos\"><img loading=\"lazy\" decoding=\"async\" width=\"700\" height=\"394\" src=\"https:\/\/silla.industries\/wp-content\/uploads\/2023\/03\/IMG-prism-solar-s-guida-alla-wallbox-1024x576.jpg\" class=\"attachment-large size-large wp-post-image\" alt=\"come scegliere la wallbox perfetta\" style=\"\" srcset=\"https:\/\/silla.industries\/wp-content\/uploads\/2023\/03\/IMG-prism-solar-s-guida-alla-wallbox-1024x576.jpg 1024w, https:\/\/silla.industries\/wp-content\/uploads\/2023\/03\/IMG-prism-solar-s-guida-alla-wallbox-300x169.jpg 300w, https:\/\/silla.industries\/wp-content\/uploads\/2023\/03\/IMG-prism-solar-s-guida-alla-wallbox-768x432.jpg 768w, https:\/\/silla.industries\/wp-content\/uploads\/2023\/03\/IMG-prism-solar-s-guida-alla-wallbox-360x203.jpg 360w, https:\/\/silla.industries\/wp-content\/uploads\/2023\/03\/IMG-prism-solar-s-guida-alla-wallbox-1536x864.jpg 1536w, https:\/\/silla.industries\/wp-content\/uploads\/2023\/03\/IMG-prism-solar-s-guida-alla-wallbox-1200x675.jpg 1200w, https:\/\/silla.industries\/wp-content\/uploads\/2023\/03\/IMG-prism-solar-s-guida-alla-wallbox-1320x743.jpg 1320w, https:\/\/silla.industries\/wp-content\/uploads\/2023\/03\/IMG-prism-solar-s-guida-alla-wallbox-600x338.jpg 600w, https:\/\/silla.industries\/wp-content\/uploads\/2023\/03\/IMG-prism-solar-s-guida-alla-wallbox.jpg 1920w\" sizes=\"(max-width: 700px) 100vw, 700px\" \/><\/a><\/div><a class=\"wp-block-latest-posts__post-title\" href=\"https:\/\/silla.industries\/es\/wallbox-domestiche-in-3-consigli\/\">Cajas murales dom\u00e9sticas: \u00bfcu\u00e1l elegir? Desc\u00fabrelo en 3 consejos<\/a><time datetime=\"2023-04-27T16:39:40+02:00\" class=\"wp-block-latest-posts__post-date\">27 de abril de 2023<\/time><div class=\"wp-block-latest-posts__post-excerpt\">Wallboxes dom\u00e9sticos: \u00bfc\u00f3mo elegir una estaci\u00f3n de carga para recargar tu coche el\u00e9ctrico en casa? Lee la gu\u00eda para saber m\u00e1s. <a href=\"https:\/\/silla.industries\/es\/wallbox-domestiche-in-3-consigli\/\" class=\"more-link\"><span>Seguir leyendo<\/span><span class=\"screen-reader-text\">Cajas murales dom\u00e9sticas: \u00bfcu\u00e1l elegir? Desc\u00fabrelo en 3 consejos<\/span><\/a><\/div><\/li>\n<li><div class=\"wp-block-latest-posts__featured-image\"><a href=\"https:\/\/silla.industries\/es\/key-rimini-fiera-2023-silla-industries-espone\/\" aria-label=\"Las soluciones de Silla Industries respetuosas con las energ\u00edas renovables protagonizan la feria K.EY de Rimini\"><img loading=\"lazy\" decoding=\"async\" width=\"700\" height=\"467\" src=\"https:\/\/silla.industries\/wp-content\/uploads\/2023\/03\/IMG_Silla-partecipa-a-KEY-energy-1980x1320-1-1024x683.jpg\" class=\"attachment-large size-large wp-post-image\" alt=\"K.EY\" style=\"\" srcset=\"https:\/\/silla.industries\/wp-content\/uploads\/2023\/03\/IMG_Silla-partecipa-a-KEY-energy-1980x1320-1-1024x683.jpg 1024w, https:\/\/silla.industries\/wp-content\/uploads\/2023\/03\/IMG_Silla-partecipa-a-KEY-energy-1980x1320-1-600x400.jpg 600w, https:\/\/silla.industries\/wp-content\/uploads\/2023\/03\/IMG_Silla-partecipa-a-KEY-energy-1980x1320-1-300x200.jpg 300w, https:\/\/silla.industries\/wp-content\/uploads\/2023\/03\/IMG_Silla-partecipa-a-KEY-energy-1980x1320-1-768x512.jpg 768w, https:\/\/silla.industries\/wp-content\/uploads\/2023\/03\/IMG_Silla-partecipa-a-KEY-energy-1980x1320-1-360x240.jpg 360w, https:\/\/silla.industries\/wp-content\/uploads\/2023\/03\/IMG_Silla-partecipa-a-KEY-energy-1980x1320-1-1536x1024.jpg 1536w, https:\/\/silla.industries\/wp-content\/uploads\/2023\/03\/IMG_Silla-partecipa-a-KEY-energy-1980x1320-1-1200x800.jpg 1200w, https:\/\/silla.industries\/wp-content\/uploads\/2023\/03\/IMG_Silla-partecipa-a-KEY-energy-1980x1320-1-1320x880.jpg 1320w, https:\/\/silla.industries\/wp-content\/uploads\/2023\/03\/IMG_Silla-partecipa-a-KEY-energy-1980x1320-1.jpg 1980w\" sizes=\"(max-width: 700px) 100vw, 700px\" \/><\/a><\/div><a class=\"wp-block-latest-posts__post-title\" href=\"https:\/\/silla.industries\/es\/key-rimini-fiera-2023-silla-industries-espone\/\">Las soluciones de Silla Industries respetuosas con las energ\u00edas renovables protagonizan la feria K.EY de Rimini<\/a><time datetime=\"2023-03-01T11:27:40+01:00\" class=\"wp-block-latest-posts__post-date\">1 de marzo de 2023<\/time><div class=\"wp-block-latest-posts__post-excerpt\">Del 22 al 24 de marzo, estaremos presentes en K.EY, en el Centro de Exposiciones de Rimini. Te esperamos para mostrarte las innovaciones para una recarga respetuosa con las energ\u00edas renovables. <a href=\"https:\/\/silla.industries\/es\/key-rimini-fiera-2023-silla-industries-espone\/\" class=\"more-link\"><span>Seguir leyendo<\/span><span class=\"screen-reader-text\">Las soluciones de Silla Industries respetuosas con las energ\u00edas renovables protagonizan la feria K.EY de Rimini<\/span><\/a><\/div><\/li>\n<li><a class=\"wp-block-latest-posts__post-title\" href=\"https:\/\/silla.industries\/es\/silla-industries-exhibits-at-k-ey-rimini-2023-2\/\">Las soluciones de Silla Industries respetuosas con las energ\u00edas renovables se presentan en la feria K.EY de Rimini<\/a><time datetime=\"2023-03-01T11:27:40+01:00\" class=\"wp-block-latest-posts__post-date\">1 de marzo de 2023<\/time><div class=\"wp-block-latest-posts__post-excerpt\">Del 22 al 24 de marzo, estaremos en la K.EY, en el Centro de Exposiciones de Rimini. Ven a ver las nuevas propuestas de recarga mediante recursos energ\u00e9ticos renovables. <a href=\"https:\/\/silla.industries\/es\/silla-industries-exhibits-at-k-ey-rimini-2023-2\/\" class=\"more-link\"><span>Seguir leyendo<\/span><span class=\"screen-reader-text\">Las soluciones de Silla Industries respetuosas con las energ\u00edas renovables se presentan en la feria K.EY de Rimini<\/span><\/a><\/div><\/li>\n<li><div class=\"wp-block-latest-posts__featured-image\"><a href=\"https:\/\/silla.industries\/es\/pierluigi-bonora-ospite-chiacchiere-elettriche\/\" aria-label=\"Charlas el\u00e9ctricas con Pierluigi Bonora\"><img loading=\"lazy\" decoding=\"async\" width=\"700\" height=\"467\" src=\"https:\/\/silla.industries\/wp-content\/uploads\/2023\/01\/IMG-Pierluigi-Bonora-jpeg-1024x683.jpg\" class=\"attachment-large size-large wp-post-image\" alt=\"pierluigi bonora\" style=\"\" srcset=\"https:\/\/silla.industries\/wp-content\/uploads\/2023\/01\/IMG-Pierluigi-Bonora-jpeg-1024x683.jpg 1024w, https:\/\/silla.industries\/wp-content\/uploads\/2023\/01\/IMG-Pierluigi-Bonora-jpeg-600x400.jpg 600w, https:\/\/silla.industries\/wp-content\/uploads\/2023\/01\/IMG-Pierluigi-Bonora-jpeg-300x200.jpg 300w, https:\/\/silla.industries\/wp-content\/uploads\/2023\/01\/IMG-Pierluigi-Bonora-jpeg-768x512.jpg 768w, https:\/\/silla.industries\/wp-content\/uploads\/2023\/01\/IMG-Pierluigi-Bonora-jpeg-360x240.jpg 360w, https:\/\/silla.industries\/wp-content\/uploads\/2023\/01\/IMG-Pierluigi-Bonora-jpeg-1536x1024.jpg 1536w, https:\/\/silla.industries\/wp-content\/uploads\/2023\/01\/IMG-Pierluigi-Bonora-jpeg-1200x800.jpg 1200w, https:\/\/silla.industries\/wp-content\/uploads\/2023\/01\/IMG-Pierluigi-Bonora-jpeg-1320x880.jpg 1320w, https:\/\/silla.industries\/wp-content\/uploads\/2023\/01\/IMG-Pierluigi-Bonora-jpeg.jpg 1980w\" sizes=\"(max-width: 700px) 100vw, 700px\" \/><\/a><\/div><a class=\"wp-block-latest-posts__post-title\" href=\"https:\/\/silla.industries\/es\/pierluigi-bonora-ospite-chiacchiere-elettriche\/\">Charlas el\u00e9ctricas con Pierluigi Bonora<\/a><time datetime=\"2023-02-16T13:13:02+01:00\" class=\"wp-block-latest-posts__post-date\">16 de febrero de 2023<\/time><div class=\"wp-block-latest-posts__post-excerpt\">Nueva cita de Chiacchiere Elettriche en compa\u00f1\u00eda de un invitado muy esperado, Pierluigi Bonora. Revivimos los momentos de la retransmisi\u00f3n en directo de ayer. <a href=\"https:\/\/silla.industries\/es\/pierluigi-bonora-ospite-chiacchiere-elettriche\/\" class=\"more-link\"><span>Seguir leyendo<\/span><span class=\"screen-reader-text\">Charlas el\u00e9ctricas con Pierluigi Bonora<\/span><\/a><\/div><\/li>\n<li><div class=\"wp-block-latest-posts__featured-image\"><a href=\"https:\/\/silla.industries\/es\/come-attivare-un-hotspot-guida-connessione-prism\/\" aria-label=\"\u00bfC\u00f3mo activar un hotspot para conectar y actualizar Prisma?\"><img loading=\"lazy\" decoding=\"async\" width=\"700\" height=\"467\" src=\"https:\/\/silla.industries\/wp-content\/uploads\/2023\/02\/IMG_hotspot-per-connessione-pris-1-1024x683.jpg\" class=\"attachment-large size-large wp-post-image\" alt=\"attiva hotspot e connetti prism\" style=\"\" srcset=\"https:\/\/silla.industries\/wp-content\/uploads\/2023\/02\/IMG_hotspot-per-connessione-pris-1-1024x683.jpg 1024w, https:\/\/silla.industries\/wp-content\/uploads\/2023\/02\/IMG_hotspot-per-connessione-pris-1-scaled-600x400.jpg 600w, https:\/\/silla.industries\/wp-content\/uploads\/2023\/02\/IMG_hotspot-per-connessione-pris-1-300x200.jpg 300w, https:\/\/silla.industries\/wp-content\/uploads\/2023\/02\/IMG_hotspot-per-connessione-pris-1-768x512.jpg 768w, https:\/\/silla.industries\/wp-content\/uploads\/2023\/02\/IMG_hotspot-per-connessione-pris-1-360x240.jpg 360w, https:\/\/silla.industries\/wp-content\/uploads\/2023\/02\/IMG_hotspot-per-connessione-pris-1-1536x1024.jpg 1536w, https:\/\/silla.industries\/wp-content\/uploads\/2023\/02\/IMG_hotspot-per-connessione-pris-1-2048x1366.jpg 2048w, https:\/\/silla.industries\/wp-content\/uploads\/2023\/02\/IMG_hotspot-per-connessione-pris-1-1200x800.jpg 1200w, https:\/\/silla.industries\/wp-content\/uploads\/2023\/02\/IMG_hotspot-per-connessione-pris-1-1980x1320.jpg 1980w, https:\/\/silla.industries\/wp-content\/uploads\/2023\/02\/IMG_hotspot-per-connessione-pris-1-1320x880.jpg 1320w\" sizes=\"(max-width: 700px) 100vw, 700px\" \/><\/a><\/div><a class=\"wp-block-latest-posts__post-title\" href=\"https:\/\/silla.industries\/es\/come-attivare-un-hotspot-guida-connessione-prism\/\">\u00bfC\u00f3mo activar un hotspot para conectar y actualizar Prisma?<\/a><time datetime=\"2023-02-13T11:00:00+01:00\" class=\"wp-block-latest-posts__post-date\">13 de febrero de 2023<\/time><div class=\"wp-block-latest-posts__post-excerpt\">Activar un hotspot es una soluci\u00f3n pr\u00e1ctica, pero no definitiva, para conectar Prism Solar a Internet y recibir actualizaciones y soporte remoto. Descubre c\u00f3mo. <a href=\"https:\/\/silla.industries\/es\/come-attivare-un-hotspot-guida-connessione-prism\/\" class=\"more-link\"><span>Seguir leyendo<\/span><span class=\"screen-reader-text\">\u00bfC\u00f3mo activar un hotspot para conectar y actualizar Prisma?<\/span><\/a><\/div><\/li>\n<li><div class=\"wp-block-latest-posts__featured-image\"><a href=\"https:\/\/silla.industries\/es\/prezzi-tesla-2023-riduzioni-tesla-prism-ricarica\/\" aria-label=\"\u00bfQu\u00e9 pasar\u00e1 con los precios de Tesla a partir de 2023?\"><img loading=\"lazy\" decoding=\"async\" width=\"700\" height=\"394\" src=\"https:\/\/silla.industries\/wp-content\/uploads\/2023\/02\/IMG-prism-solar-ricarica-Tesla-1024x576.jpg\" class=\"attachment-large size-large wp-post-image\" alt=\"\" style=\"\" srcset=\"https:\/\/silla.industries\/wp-content\/uploads\/2023\/02\/IMG-prism-solar-ricarica-Tesla-1024x576.jpg 1024w, https:\/\/silla.industries\/wp-content\/uploads\/2023\/02\/IMG-prism-solar-ricarica-Tesla-600x338.jpg 600w, https:\/\/silla.industries\/wp-content\/uploads\/2023\/02\/IMG-prism-solar-ricarica-Tesla-300x169.jpg 300w, https:\/\/silla.industries\/wp-content\/uploads\/2023\/02\/IMG-prism-solar-ricarica-Tesla-768x432.jpg 768w, https:\/\/silla.industries\/wp-content\/uploads\/2023\/02\/IMG-prism-solar-ricarica-Tesla-360x203.jpg 360w, https:\/\/silla.industries\/wp-content\/uploads\/2023\/02\/IMG-prism-solar-ricarica-Tesla-1536x864.jpg 1536w, https:\/\/silla.industries\/wp-content\/uploads\/2023\/02\/IMG-prism-solar-ricarica-Tesla-1200x675.jpg 1200w, https:\/\/silla.industries\/wp-content\/uploads\/2023\/02\/IMG-prism-solar-ricarica-Tesla-1320x743.jpg 1320w, https:\/\/silla.industries\/wp-content\/uploads\/2023\/02\/IMG-prism-solar-ricarica-Tesla.jpg 1920w\" sizes=\"(max-width: 700px) 100vw, 700px\" \/><\/a><\/div><a class=\"wp-block-latest-posts__post-title\" href=\"https:\/\/silla.industries\/es\/prezzi-tesla-2023-riduzioni-tesla-prism-ricarica\/\">\u00bfQu\u00e9 pasar\u00e1 con los precios de Tesla a partir de 2023?<\/a><time datetime=\"2023-02-03T11:00:00+01:00\" class=\"wp-block-latest-posts__post-date\">3 de febrero de 2023<\/time><div class=\"wp-block-latest-posts__post-excerpt\">Tesla sigue sorprendi\u00e9ndonos e inicia 2023 con un cambio de precio para algunos modelos, que se ver\u00e1n reducidos.  \nLee todas las noticias.<a href=\"https:\/\/silla.industries\/es\/prezzi-tesla-2023-riduzioni-tesla-prism-ricarica\/\" class=\"more-link\"><span>Seguir leyendo<\/span><span class=\"screen-reader-text\">\u00bfQu\u00e9 pasar\u00e1 con los precios de Tesla a partir de 2023?<\/span><\/a><\/div><\/li>\n<li><div class=\"wp-block-latest-posts__featured-image\"><a href=\"https:\/\/silla.industries\/es\/connettere-prism-solar-con-powerline-scopri-come\/\" aria-label=\"\u00bfC\u00f3mo conectar Prism Solar a Internet sin WiFi?\"><img loading=\"lazy\" decoding=\"async\" width=\"700\" height=\"468\" src=\"https:\/\/silla.industries\/wp-content\/uploads\/2023\/01\/IMG-powerline_internet_accesso-1024x684.jpg\" class=\"attachment-large size-large wp-post-image\" alt=\"\" style=\"\" srcset=\"https:\/\/silla.industries\/wp-content\/uploads\/2023\/01\/IMG-powerline_internet_accesso-1024x684.jpg 1024w, https:\/\/silla.industries\/wp-content\/uploads\/2023\/01\/IMG-powerline_internet_accesso-600x401.jpg 600w, https:\/\/silla.industries\/wp-content\/uploads\/2023\/01\/IMG-powerline_internet_accesso-300x200.jpg 300w, https:\/\/silla.industries\/wp-content\/uploads\/2023\/01\/IMG-powerline_internet_accesso-768x513.jpg 768w, https:\/\/silla.industries\/wp-content\/uploads\/2023\/01\/IMG-powerline_internet_accesso-360x240.jpg 360w, https:\/\/silla.industries\/wp-content\/uploads\/2023\/01\/IMG-powerline_internet_accesso-1536x1026.jpg 1536w, https:\/\/silla.industries\/wp-content\/uploads\/2023\/01\/IMG-powerline_internet_accesso-1200x801.jpg 1200w, https:\/\/silla.industries\/wp-content\/uploads\/2023\/01\/IMG-powerline_internet_accesso-1320x881.jpg 1320w, https:\/\/silla.industries\/wp-content\/uploads\/2023\/01\/IMG-powerline_internet_accesso.jpg 1920w\" sizes=\"(max-width: 700px) 100vw, 700px\" \/><\/a><\/div><a class=\"wp-block-latest-posts__post-title\" href=\"https:\/\/silla.industries\/es\/connettere-prism-solar-con-powerline-scopri-come\/\">\u00bfC\u00f3mo conectar Prism Solar a Internet sin WiFi?<\/a><time datetime=\"2023-01-19T11:00:00+01:00\" class=\"wp-block-latest-posts__post-date\">19 de enero de 2023<\/time><div class=\"wp-block-latest-posts__post-excerpt\">\u00bfC\u00f3mo puedo conectar Prism Solar a Internet si lo instalo en mi garaje y no tengo f\u00e1cil acceso a la conexi\u00f3n? Lee la gu\u00eda y descubre c\u00f3mo.   <a href=\"https:\/\/silla.industries\/es\/connettere-prism-solar-con-powerline-scopri-come\/\" class=\"more-link\"><span>Seguir leyendo<\/span><span class=\"screen-reader-text\">\u00bfC\u00f3mo conectar Prism Solar a Internet sin WiFi?<\/span><\/a><\/div><\/li>\n<li><div class=\"wp-block-latest-posts__featured-image\"><a href=\"https:\/\/silla.industries\/es\/incentivi-auto-2023-come-ottenere-bonus-auto-2023\/\" aria-label=\"Incentivos para coches 2023: c\u00f3mo conseguirlos y c\u00f3mo funcionan\"><img loading=\"lazy\" decoding=\"async\" width=\"700\" height=\"467\" src=\"https:\/\/silla.industries\/wp-content\/uploads\/2023\/01\/IMG-incentivi_2023_auto-1024x683.jpg\" class=\"attachment-large size-large wp-post-image\" alt=\"nuovi incentivi auto 2023\" style=\"\" srcset=\"https:\/\/silla.industries\/wp-content\/uploads\/2023\/01\/IMG-incentivi_2023_auto-1024x683.jpg 1024w, https:\/\/silla.industries\/wp-content\/uploads\/2023\/01\/IMG-incentivi_2023_auto-scaled-600x400.jpg 600w, https:\/\/silla.industries\/wp-content\/uploads\/2023\/01\/IMG-incentivi_2023_auto-300x200.jpg 300w, https:\/\/silla.industries\/wp-content\/uploads\/2023\/01\/IMG-incentivi_2023_auto-768x512.jpg 768w, https:\/\/silla.industries\/wp-content\/uploads\/2023\/01\/IMG-incentivi_2023_auto-360x240.jpg 360w, https:\/\/silla.industries\/wp-content\/uploads\/2023\/01\/IMG-incentivi_2023_auto-1536x1024.jpg 1536w, https:\/\/silla.industries\/wp-content\/uploads\/2023\/01\/IMG-incentivi_2023_auto-2048x1365.jpg 2048w, https:\/\/silla.industries\/wp-content\/uploads\/2023\/01\/IMG-incentivi_2023_auto-1200x800.jpg 1200w, https:\/\/silla.industries\/wp-content\/uploads\/2023\/01\/IMG-incentivi_2023_auto-1980x1320.jpg 1980w, https:\/\/silla.industries\/wp-content\/uploads\/2023\/01\/IMG-incentivi_2023_auto-1320x880.jpg 1320w\" sizes=\"(max-width: 700px) 100vw, 700px\" \/><\/a><\/div><a class=\"wp-block-latest-posts__post-title\" href=\"https:\/\/silla.industries\/es\/incentivi-auto-2023-come-ottenere-bonus-auto-2023\/\">Incentivos para coches 2023: c\u00f3mo conseguirlos y c\u00f3mo funcionan<\/a><time datetime=\"2023-01-17T11:00:00+01:00\" class=\"wp-block-latest-posts__post-date\">17 de enero de 2023<\/time><div class=\"wp-block-latest-posts__post-excerpt\">Con el A\u00f1o Nuevo, vuelven a estar disponibles los incentivos estatales para la compra de coches de emisiones cero o bajas, entre otros. Averigua ahora en qu\u00e9 consisten y c\u00f3mo conseguirlos con \u00e9xito. <a href=\"https:\/\/silla.industries\/es\/incentivi-auto-2023-come-ottenere-bonus-auto-2023\/\" class=\"more-link\"><span>Seguir leyendo<\/span><span class=\"screen-reader-text\">Incentivos para coches 2023: c\u00f3mo conseguirlos y c\u00f3mo funcionan<\/span><\/a><\/div><\/li>\n<li><div class=\"wp-block-latest-posts__featured-image\"><a href=\"https:\/\/silla.industries\/es\/meglio-bev-o-phev-qualche-consiglio-per-scegliere\/\" aria-label=\"\u00bfMejor BEV o PHEV? OK movilidad sostenible pero&#8230; \u00bfqu\u00e9 elijo?\"><img loading=\"lazy\" decoding=\"async\" width=\"700\" height=\"467\" src=\"https:\/\/silla.industries\/wp-content\/uploads\/2022\/12\/maxim-hopman-lcysD7F8ycc-unsplash-1024x683.jpg\" class=\"attachment-large size-large wp-post-image\" alt=\"Photo by Maxim Hopman on Unsplash\" style=\"\" srcset=\"https:\/\/silla.industries\/wp-content\/uploads\/2022\/12\/maxim-hopman-lcysD7F8ycc-unsplash-1024x683.jpg 1024w, https:\/\/silla.industries\/wp-content\/uploads\/2022\/12\/maxim-hopman-lcysD7F8ycc-unsplash-scaled-600x400.jpg 600w, https:\/\/silla.industries\/wp-content\/uploads\/2022\/12\/maxim-hopman-lcysD7F8ycc-unsplash-300x200.jpg 300w, https:\/\/silla.industries\/wp-content\/uploads\/2022\/12\/maxim-hopman-lcysD7F8ycc-unsplash-768x512.jpg 768w, https:\/\/silla.industries\/wp-content\/uploads\/2022\/12\/maxim-hopman-lcysD7F8ycc-unsplash-1536x1024.jpg 1536w, https:\/\/silla.industries\/wp-content\/uploads\/2022\/12\/maxim-hopman-lcysD7F8ycc-unsplash-2048x1365.jpg 2048w, https:\/\/silla.industries\/wp-content\/uploads\/2022\/12\/maxim-hopman-lcysD7F8ycc-unsplash-1200x800.jpg 1200w, https:\/\/silla.industries\/wp-content\/uploads\/2022\/12\/maxim-hopman-lcysD7F8ycc-unsplash-1980x1320.jpg 1980w, https:\/\/silla.industries\/wp-content\/uploads\/2022\/12\/maxim-hopman-lcysD7F8ycc-unsplash-1320x880.jpg 1320w\" sizes=\"(max-width: 700px) 100vw, 700px\" \/><\/a><\/div><a class=\"wp-block-latest-posts__post-title\" href=\"https:\/\/silla.industries\/es\/meglio-bev-o-phev-qualche-consiglio-per-scegliere\/\">\u00bfMejor BEV o PHEV? OK movilidad sostenible pero&#8230; \u00bfqu\u00e9 elijo?<\/a><time datetime=\"2022-12-27T11:00:00+01:00\" class=\"wp-block-latest-posts__post-date\">27 de diciembre de 2022<\/time><div class=\"wp-block-latest-posts__post-excerpt\">\u00bfQu\u00e9 es mejor elegir, un coche 100% el\u00e9ctrico o un h\u00edbrido? Las consideraciones son diferentes, ve\u00e1moslas juntos.   <a href=\"https:\/\/silla.industries\/es\/meglio-bev-o-phev-qualche-consiglio-per-scegliere\/\" class=\"more-link\"><span>Seguir leyendo<\/span><span class=\"screen-reader-text\">\u00bfMejor BEV o PHEV? OK movilidad sostenible pero&#8230; \u00bfqu\u00e9 elijo?<\/span><\/a><\/div><\/li>\n<li><div class=\"wp-block-latest-posts__featured-image\"><a href=\"https:\/\/silla.industries\/es\/chiacchiere-elettriche-con-fjona-cakalli\/\" aria-label=\"Charlas el\u00e9ctricas con Fjona Cakalli\"><img loading=\"lazy\" decoding=\"async\" width=\"700\" height=\"467\" src=\"https:\/\/silla.industries\/wp-content\/uploads\/2022\/12\/IMG-Fjona-Cakalli-jpeg-1024x683.jpeg\" class=\"attachment-large size-large wp-post-image\" alt=\"Fjona Cakalli partecipa a chiacchiere elettriche\" style=\"\" srcset=\"https:\/\/silla.industries\/wp-content\/uploads\/2022\/12\/IMG-Fjona-Cakalli-jpeg-1024x683.jpeg 1024w, https:\/\/silla.industries\/wp-content\/uploads\/2022\/12\/IMG-Fjona-Cakalli-jpeg-600x400.jpeg 600w, https:\/\/silla.industries\/wp-content\/uploads\/2022\/12\/IMG-Fjona-Cakalli-jpeg-300x200.jpeg 300w, https:\/\/silla.industries\/wp-content\/uploads\/2022\/12\/IMG-Fjona-Cakalli-jpeg-768x512.jpeg 768w, https:\/\/silla.industries\/wp-content\/uploads\/2022\/12\/IMG-Fjona-Cakalli-jpeg-360x240.jpeg 360w, https:\/\/silla.industries\/wp-content\/uploads\/2022\/12\/IMG-Fjona-Cakalli-jpeg-1536x1024.jpeg 1536w, https:\/\/silla.industries\/wp-content\/uploads\/2022\/12\/IMG-Fjona-Cakalli-jpeg-1200x800.jpeg 1200w, https:\/\/silla.industries\/wp-content\/uploads\/2022\/12\/IMG-Fjona-Cakalli-jpeg-1980x1320.jpeg 1980w, https:\/\/silla.industries\/wp-content\/uploads\/2022\/12\/IMG-Fjona-Cakalli-jpeg-1320x880.jpeg 1320w, https:\/\/silla.industries\/wp-content\/uploads\/2022\/12\/IMG-Fjona-Cakalli-jpeg.jpeg 2048w\" sizes=\"(max-width: 700px) 100vw, 700px\" \/><\/a><\/div><a class=\"wp-block-latest-posts__post-title\" href=\"https:\/\/silla.industries\/es\/chiacchiere-elettriche-con-fjona-cakalli\/\">Charlas el\u00e9ctricas con Fjona Cakalli<\/a><time datetime=\"2022-12-20T13:39:00+01:00\" class=\"wp-block-latest-posts__post-date\">20 de diciembre de 2022<\/time><div class=\"wp-block-latest-posts__post-excerpt\">La influencer automovil\u00edstica Fjona Cakalli particip\u00f3 en Chiacchiere Elettriche en compa\u00f1\u00eda de nuestro CEO Alberto Stecca.  <a href=\"https:\/\/silla.industries\/es\/chiacchiere-elettriche-con-fjona-cakalli\/\" class=\"more-link\"><span>Seguir leyendo<\/span><span class=\"screen-reader-text\">Charlas el\u00e9ctricas con Fjona Cakalli<\/span><\/a><\/div><\/li>\n<li><div class=\"wp-block-latest-posts__featured-image\"><a href=\"https:\/\/silla.industries\/es\/perche-unauto-elettrica-conviene-3-ragioni\/\" aria-label=\"\u00bfPor qu\u00e9 compensa comprar un coche el\u00e9ctrico?\"><img loading=\"lazy\" decoding=\"async\" width=\"700\" height=\"467\" src=\"https:\/\/silla.industries\/wp-content\/uploads\/2022\/11\/articolo-11-11-1024x683.jpg\" class=\"attachment-large size-large wp-post-image\" alt=\"perch\u00e9 un&#039;auto elettrica conviene?\" style=\"\" srcset=\"https:\/\/silla.industries\/wp-content\/uploads\/2022\/11\/articolo-11-11-1024x683.jpg 1024w, https:\/\/silla.industries\/wp-content\/uploads\/2022\/11\/articolo-11-11-600x400.jpg 600w, https:\/\/silla.industries\/wp-content\/uploads\/2022\/11\/articolo-11-11-300x200.jpg 300w, https:\/\/silla.industries\/wp-content\/uploads\/2022\/11\/articolo-11-11-768x512.jpg 768w, https:\/\/silla.industries\/wp-content\/uploads\/2022\/11\/articolo-11-11-360x240.jpg 360w, https:\/\/silla.industries\/wp-content\/uploads\/2022\/11\/articolo-11-11-1536x1025.jpg 1536w, https:\/\/silla.industries\/wp-content\/uploads\/2022\/11\/articolo-11-11-1200x801.jpg 1200w, https:\/\/silla.industries\/wp-content\/uploads\/2022\/11\/articolo-11-11-1320x881.jpg 1320w, https:\/\/silla.industries\/wp-content\/uploads\/2022\/11\/articolo-11-11.jpg 1920w\" sizes=\"(max-width: 700px) 100vw, 700px\" \/><\/a><\/div><a class=\"wp-block-latest-posts__post-title\" href=\"https:\/\/silla.industries\/es\/perche-unauto-elettrica-conviene-3-ragioni\/\">\u00bfPor qu\u00e9 compensa comprar un coche el\u00e9ctrico?<\/a><time datetime=\"2022-11-11T11:25:20+01:00\" class=\"wp-block-latest-posts__post-date\">11 de noviembre de 2022<\/time><div class=\"wp-block-latest-posts__post-excerpt\">\u00bfTodos los cambios importantes implican un salto en el vac\u00edo? No necesariamente. De hecho, aqu\u00ed tienes 3 buenas razones para invertir, incluso hoy, en electricidad que (tal vez) a\u00fan no hayas considerado.  <a href=\"https:\/\/silla.industries\/es\/perche-unauto-elettrica-conviene-3-ragioni\/\" class=\"more-link\"><span>Seguir leyendo<\/span><span class=\"screen-reader-text\">\u00bfPor qu\u00e9 compensa comprar un coche el\u00e9ctrico?<\/span><\/a><\/div><\/li>\n<li><div class=\"wp-block-latest-posts__featured-image\"><a href=\"https:\/\/silla.industries\/es\/ricarica-bidirezionale-dei-veicoli-v2g-v2h\/\" aria-label=\"\u00bfQu\u00e9 es la carga bidireccional de veh\u00edculos el\u00e9ctricos?\"><img loading=\"lazy\" decoding=\"async\" width=\"700\" height=\"394\" src=\"https:\/\/silla.industries\/wp-content\/uploads\/2022\/10\/Ricarica-Bidirezionale-1024x576.jpg\" class=\"attachment-large size-large wp-post-image\" alt=\"ricarica bidirezionale\" style=\"\" srcset=\"https:\/\/silla.industries\/wp-content\/uploads\/2022\/10\/Ricarica-Bidirezionale-1024x576.jpg 1024w, https:\/\/silla.industries\/wp-content\/uploads\/2022\/10\/Ricarica-Bidirezionale-600x338.jpg 600w, https:\/\/silla.industries\/wp-content\/uploads\/2022\/10\/Ricarica-Bidirezionale-300x169.jpg 300w, https:\/\/silla.industries\/wp-content\/uploads\/2022\/10\/Ricarica-Bidirezionale-768x432.jpg 768w, https:\/\/silla.industries\/wp-content\/uploads\/2022\/10\/Ricarica-Bidirezionale-360x203.jpg 360w, https:\/\/silla.industries\/wp-content\/uploads\/2022\/10\/Ricarica-Bidirezionale-1536x864.jpg 1536w, https:\/\/silla.industries\/wp-content\/uploads\/2022\/10\/Ricarica-Bidirezionale-1200x675.jpg 1200w, https:\/\/silla.industries\/wp-content\/uploads\/2022\/10\/Ricarica-Bidirezionale-1320x743.jpg 1320w, https:\/\/silla.industries\/wp-content\/uploads\/2022\/10\/Ricarica-Bidirezionale.jpg 1920w\" sizes=\"(max-width: 700px) 100vw, 700px\" \/><\/a><\/div><a class=\"wp-block-latest-posts__post-title\" href=\"https:\/\/silla.industries\/es\/ricarica-bidirezionale-dei-veicoli-v2g-v2h\/\">\u00bfQu\u00e9 es la carga bidireccional de veh\u00edculos el\u00e9ctricos?<\/a><time datetime=\"2022-10-28T15:55:26+02:00\" class=\"wp-block-latest-posts__post-date\">28 de octubre de 2022<\/time><div class=\"wp-block-latest-posts__post-excerpt\">\u00bfY si la energ\u00eda no s\u00f3lo fluyera de la red al coche&#8230; sino viceversa? Este es uno de los intercambios que posibilita la recarga bidireccional. Una tecnolog\u00eda en expansi\u00f3n, en la que tambi\u00e9n trabaja Silla Industries, que permite explotar todo el potencial del sistema electrificado e innova el concepto mismo de energ\u00eda.    <a href=\"https:\/\/silla.industries\/es\/ricarica-bidirezionale-dei-veicoli-v2g-v2h\/\" class=\"more-link\"><span>Seguir leyendo<\/span><span class=\"screen-reader-text\">\u00bfQu\u00e9 es la carga bidireccional de veh\u00edculos el\u00e9ctricos?<\/span><\/a><\/div><\/li>\n<li><div class=\"wp-block-latest-posts__featured-image\"><a href=\"https:\/\/silla.industries\/es\/smart-cover-aggiorna-la-colonnina-cambio-cover\/\" aria-label=\"De Prism Basic a Prism Solar con un simple cambio de cubierta\"><img loading=\"lazy\" decoding=\"async\" width=\"700\" height=\"394\" src=\"https:\/\/silla.industries\/wp-content\/uploads\/2022\/09\/from-basic-to-solar-1024x576.jpg\" class=\"attachment-large size-large wp-post-image\" alt=\"Smart Cover\" style=\"\" srcset=\"https:\/\/silla.industries\/wp-content\/uploads\/2022\/09\/from-basic-to-solar-1024x576.jpg 1024w, https:\/\/silla.industries\/wp-content\/uploads\/2022\/09\/from-basic-to-solar-600x338.jpg 600w, https:\/\/silla.industries\/wp-content\/uploads\/2022\/09\/from-basic-to-solar-300x169.jpg 300w, https:\/\/silla.industries\/wp-content\/uploads\/2022\/09\/from-basic-to-solar-768x432.jpg 768w, https:\/\/silla.industries\/wp-content\/uploads\/2022\/09\/from-basic-to-solar-1536x864.jpg 1536w, https:\/\/silla.industries\/wp-content\/uploads\/2022\/09\/from-basic-to-solar-1200x675.jpg 1200w, https:\/\/silla.industries\/wp-content\/uploads\/2022\/09\/from-basic-to-solar-1320x743.jpg 1320w, https:\/\/silla.industries\/wp-content\/uploads\/2022\/09\/from-basic-to-solar.jpg 1600w\" sizes=\"(max-width: 700px) 100vw, 700px\" \/><\/a><\/div><a class=\"wp-block-latest-posts__post-title\" href=\"https:\/\/silla.industries\/es\/smart-cover-aggiorna-la-colonnina-cambio-cover\/\">De Prism Basic a Prism Solar con un simple cambio de cubierta<\/a><time datetime=\"2022-09-06T10:16:00+02:00\" class=\"wp-block-latest-posts__post-date\">6 de septiembre de 2022<\/time><div class=\"wp-block-latest-posts__post-excerpt\">Las soluciones de Silla Industries est\u00e1n dise\u00f1adas para ser escalables en el tiempo y te dan un amplio margen de maniobra a la hora de elegir los elementos que pasan a formar parte del ecosistema de gesti\u00f3n energ\u00e9tica de tu hogar. Por ejemplo, puedes pasar de Prism Basic a Prism Solar con la simple compra de un accesorio: la Smart Cover.   <a href=\"https:\/\/silla.industries\/es\/smart-cover-aggiorna-la-colonnina-cambio-cover\/\" class=\"more-link\"><span>Seguir leyendo<\/span><span class=\"screen-reader-text\">De Prism Basic a Prism Solar con un simple cambio de cubierta<\/span><\/a><\/div><\/li>\n<li><div class=\"wp-block-latest-posts__featured-image\"><a href=\"https:\/\/silla.industries\/es\/chiacchiere-elettriche-con-mattia-battagion-2\/\" aria-label=\"Charlas el\u00e9ctricas con Mattia Battagion\"><img loading=\"lazy\" decoding=\"async\" width=\"700\" height=\"394\" src=\"https:\/\/silla.industries\/wp-content\/uploads\/2022\/07\/mattia-battagion-1024x576.jpg\" class=\"attachment-large size-large wp-post-image\" alt=\"\" style=\"\" srcset=\"https:\/\/silla.industries\/wp-content\/uploads\/2022\/07\/mattia-battagion-1024x576.jpg 1024w, https:\/\/silla.industries\/wp-content\/uploads\/2022\/07\/mattia-battagion-600x338.jpg 600w, https:\/\/silla.industries\/wp-content\/uploads\/2022\/07\/mattia-battagion-300x169.jpg 300w, https:\/\/silla.industries\/wp-content\/uploads\/2022\/07\/mattia-battagion-768x432.jpg 768w, https:\/\/silla.industries\/wp-content\/uploads\/2022\/07\/mattia-battagion-1536x864.jpg 1536w, https:\/\/silla.industries\/wp-content\/uploads\/2022\/07\/mattia-battagion-1200x675.jpg 1200w, https:\/\/silla.industries\/wp-content\/uploads\/2022\/07\/mattia-battagion.jpg 1600w\" sizes=\"(max-width: 700px) 100vw, 700px\" \/><\/a><\/div><a class=\"wp-block-latest-posts__post-title\" href=\"https:\/\/silla.industries\/es\/chiacchiere-elettriche-con-mattia-battagion-2\/\">Charlas el\u00e9ctricas con Mattia Battagion<\/a><time datetime=\"2022-07-01T11:30:00+02:00\" class=\"wp-block-latest-posts__post-date\">1 de julio de 2022<\/time><div class=\"wp-block-latest-posts__post-excerpt\">Empresa innovadora y comunicaci\u00f3n en confrontaci\u00f3n para apoyar la Transici\u00f3n Ecol\u00f3gica. \u00bfSe convertir\u00e1 la sostenibilidad en sentido com\u00fan generalizado? Mucho depende de nosotros.    \nAlberto Stecca, director general de Silla, habl\u00f3 de ello con Mattia Battagion, responsable de Sostenibilidad de Will Media.  <a href=\"https:\/\/silla.industries\/es\/chiacchiere-elettriche-con-mattia-battagion-2\/\" class=\"more-link\"><span>Seguir leyendo<\/span><span class=\"screen-reader-text\">Charlas el\u00e9ctricas con Mattia Battagion<\/span><\/a><\/div><\/li>\n<li><div class=\"wp-block-latest-posts__featured-image\"><a href=\"https:\/\/silla.industries\/es\/2035-stop-auto-motore-endotermico-europa\/\" aria-label=\"Fin de la L\u00ednea 2035: Parada Total de Coches Endot\u00e9rmicos\"><img loading=\"lazy\" decoding=\"async\" width=\"700\" height=\"394\" src=\"https:\/\/silla.industries\/wp-content\/uploads\/2022\/06\/cover-econopoly-alberto-stecca-1024x576.jpg\" class=\"attachment-large size-large wp-post-image\" alt=\"2035\" style=\"\" srcset=\"https:\/\/silla.industries\/wp-content\/uploads\/2022\/06\/cover-econopoly-alberto-stecca-1024x576.jpg 1024w, https:\/\/silla.industries\/wp-content\/uploads\/2022\/06\/cover-econopoly-alberto-stecca-600x338.jpg 600w, https:\/\/silla.industries\/wp-content\/uploads\/2022\/06\/cover-econopoly-alberto-stecca-300x169.jpg 300w, https:\/\/silla.industries\/wp-content\/uploads\/2022\/06\/cover-econopoly-alberto-stecca-768x432.jpg 768w, https:\/\/silla.industries\/wp-content\/uploads\/2022\/06\/cover-econopoly-alberto-stecca-1536x864.jpg 1536w, https:\/\/silla.industries\/wp-content\/uploads\/2022\/06\/cover-econopoly-alberto-stecca-1200x675.jpg 1200w, https:\/\/silla.industries\/wp-content\/uploads\/2022\/06\/cover-econopoly-alberto-stecca.jpg 1600w\" sizes=\"(max-width: 700px) 100vw, 700px\" \/><\/a><\/div><a class=\"wp-block-latest-posts__post-title\" href=\"https:\/\/silla.industries\/es\/2035-stop-auto-motore-endotermico-europa\/\">Fin de la L\u00ednea 2035: Parada Total de Coches Endot\u00e9rmicos<\/a><time datetime=\"2022-06-16T15:19:08+02:00\" class=\"wp-block-latest-posts__post-date\">16 de junio de 2022<\/time><div class=\"wp-block-latest-posts__post-excerpt\">El Parlamento Europeo se ha pronunciado a favor de poner fin a los coches de propulsi\u00f3n endot\u00e9rmica de aqu\u00ed a 2035. He aqu\u00ed el comentario de Alberto Stecca, director general de Silla Industries.   <a href=\"https:\/\/silla.industries\/es\/2035-stop-auto-motore-endotermico-europa\/\" class=\"more-link\"><span>Seguir leyendo<\/span><span class=\"screen-reader-text\">Fin de la L\u00ednea 2035: Parada Total de Coches Endot\u00e9rmicos<\/span><\/a><\/div><\/li>\n<li><div class=\"wp-block-latest-posts__featured-image\"><a href=\"https:\/\/silla.industries\/es\/chiacchiere-elettriche-con-luca-mercalli-silla\/\" aria-label=\"Charlas el\u00e9ctricas con Luca Mercalli\"><img loading=\"lazy\" decoding=\"async\" width=\"700\" height=\"394\" src=\"https:\/\/silla.industries\/wp-content\/uploads\/2022\/06\/luca-mercalli-1-1024x576.jpg\" class=\"attachment-large size-large wp-post-image\" alt=\"Lua Mercalli\" style=\"\" srcset=\"https:\/\/silla.industries\/wp-content\/uploads\/2022\/06\/luca-mercalli-1-1024x576.jpg 1024w, https:\/\/silla.industries\/wp-content\/uploads\/2022\/06\/luca-mercalli-1-600x338.jpg 600w, https:\/\/silla.industries\/wp-content\/uploads\/2022\/06\/luca-mercalli-1-300x169.jpg 300w, https:\/\/silla.industries\/wp-content\/uploads\/2022\/06\/luca-mercalli-1-768x432.jpg 768w, https:\/\/silla.industries\/wp-content\/uploads\/2022\/06\/luca-mercalli-1-1536x864.jpg 1536w, https:\/\/silla.industries\/wp-content\/uploads\/2022\/06\/luca-mercalli-1-1200x675.jpg 1200w, https:\/\/silla.industries\/wp-content\/uploads\/2022\/06\/luca-mercalli-1.jpg 1600w\" sizes=\"(max-width: 700px) 100vw, 700px\" \/><\/a><\/div><a class=\"wp-block-latest-posts__post-title\" href=\"https:\/\/silla.industries\/es\/chiacchiere-elettriche-con-luca-mercalli-silla\/\">Charlas el\u00e9ctricas con Luca Mercalli<\/a><time datetime=\"2022-06-10T08:25:00+02:00\" class=\"wp-block-latest-posts__post-date\">10 de junio de 2022<\/time><div class=\"wp-block-latest-posts__post-excerpt\">\u00bfCu\u00e1l es el papel de la movilidad avanzada en la transici\u00f3n ecol\u00f3gica? Hablamos de ello con Luca Mercalli durante el \u00faltimo episodio de \"Chiacchiere Elettriche\".   <a href=\"https:\/\/silla.industries\/es\/chiacchiere-elettriche-con-luca-mercalli-silla\/\" class=\"more-link\"><span>Seguir leyendo<\/span><span class=\"screen-reader-text\">Charlas el\u00e9ctricas con Luca Mercalli<\/span><\/a><\/div><\/li>\n<li><div class=\"wp-block-latest-posts__featured-image\"><a href=\"https:\/\/silla.industries\/es\/klimahouse-2022-silla-industries-partecipa\/\" aria-label=\"Klimahouse 2022 Bolzano, Silla Industries est\u00e1 entre los expositores\"><img loading=\"lazy\" decoding=\"async\" width=\"700\" height=\"394\" src=\"https:\/\/silla.industries\/wp-content\/uploads\/2022\/05\/klimahouse-1024x576.jpg\" class=\"attachment-large size-large wp-post-image\" alt=\"Klimahouse 2022\" style=\"\" srcset=\"https:\/\/silla.industries\/wp-content\/uploads\/2022\/05\/klimahouse-1024x576.jpg 1024w, https:\/\/silla.industries\/wp-content\/uploads\/2022\/05\/klimahouse-600x338.jpg 600w, https:\/\/silla.industries\/wp-content\/uploads\/2022\/05\/klimahouse-300x169.jpg 300w, https:\/\/silla.industries\/wp-content\/uploads\/2022\/05\/klimahouse-768x432.jpg 768w, https:\/\/silla.industries\/wp-content\/uploads\/2022\/05\/klimahouse-1536x864.jpg 1536w, https:\/\/silla.industries\/wp-content\/uploads\/2022\/05\/klimahouse-1200x675.jpg 1200w, https:\/\/silla.industries\/wp-content\/uploads\/2022\/05\/klimahouse.jpg 1600w\" sizes=\"(max-width: 700px) 100vw, 700px\" \/><\/a><\/div><a class=\"wp-block-latest-posts__post-title\" href=\"https:\/\/silla.industries\/es\/klimahouse-2022-silla-industries-partecipa\/\">Klimahouse 2022 Bolzano, Silla Industries est\u00e1 entre los expositores<\/a><time datetime=\"2022-05-06T11:00:00+02:00\" class=\"wp-block-latest-posts__post-date\">6 de mayo de 2022<\/time><div class=\"wp-block-latest-posts__post-excerpt\">Silla Industries entre los expositores de Klimahouse. Nos vemos en Bolzano del 18 al 21 de mayo para hablar de sostenibilidad en la construcci\u00f3n y presentar un producto supernuevo.   <a href=\"https:\/\/silla.industries\/es\/klimahouse-2022-silla-industries-partecipa\/\" class=\"more-link\"><span>Seguir leyendo<\/span><span class=\"screen-reader-text\">Klimahouse 2022 Bolzano, Silla Industries est\u00e1 entre los expositores<\/span><\/a><\/div><\/li>\n<li><div class=\"wp-block-latest-posts__featured-image\"><a href=\"https:\/\/silla.industries\/es\/power-to-drive-monaco-fiera-internazionale\/\" aria-label=\"Pr\u00f3xima parada Munchen Silla Industries participa en Power2Drive\"><img loading=\"lazy\" decoding=\"async\" width=\"700\" height=\"394\" src=\"https:\/\/silla.industries\/wp-content\/uploads\/2022\/04\/p2d-1024x576.png\" class=\"attachment-large size-large wp-post-image\" alt=\"Power to Drive\" style=\"\" srcset=\"https:\/\/silla.industries\/wp-content\/uploads\/2022\/04\/p2d-1024x576.png 1024w, https:\/\/silla.industries\/wp-content\/uploads\/2022\/04\/p2d-600x338.png 600w, https:\/\/silla.industries\/wp-content\/uploads\/2022\/04\/p2d-300x169.png 300w, https:\/\/silla.industries\/wp-content\/uploads\/2022\/04\/p2d-768x432.png 768w, https:\/\/silla.industries\/wp-content\/uploads\/2022\/04\/p2d-1536x864.png 1536w, https:\/\/silla.industries\/wp-content\/uploads\/2022\/04\/p2d-1200x675.png 1200w, https:\/\/silla.industries\/wp-content\/uploads\/2022\/04\/p2d.png 1600w\" sizes=\"(max-width: 700px) 100vw, 700px\" \/><\/a><\/div><a class=\"wp-block-latest-posts__post-title\" href=\"https:\/\/silla.industries\/es\/power-to-drive-monaco-fiera-internazionale\/\">Pr\u00f3xima parada Munchen Silla Industries participa en Power2Drive<\/a><time datetime=\"2022-04-29T11:00:00+02:00\" class=\"wp-block-latest-posts__post-date\">29 de abril de 2022<\/time><div class=\"wp-block-latest-posts__post-excerpt\">Silla Industries participa en Power to Drive, el evento de perfil internacional dedicado a la movilidad el\u00e9ctrica<a href=\"https:\/\/silla.industries\/es\/power-to-drive-monaco-fiera-internazionale\/\" class=\"more-link\"><span>Seguir leyendo<\/span><span class=\"screen-reader-text\">Pr\u00f3xima parada Munchen Silla Industries participa en Power2Drive<\/span><\/a><\/div><\/li>\n<li><div class=\"wp-block-latest-posts__featured-image\"><a href=\"https:\/\/silla.industries\/es\/silla-industries-partecipa-a-sec-fiera-rimini\/\" aria-label=\"Silla Industries participa en la SEC\"><img loading=\"lazy\" decoding=\"async\" width=\"700\" height=\"394\" src=\"https:\/\/silla.industries\/wp-content\/uploads\/2022\/03\/sec-fiera-1024x576.jpg\" class=\"attachment-large size-large wp-post-image\" alt=\"SEC fiera rimini\" style=\"\" srcset=\"https:\/\/silla.industries\/wp-content\/uploads\/2022\/03\/sec-fiera-1024x576.jpg 1024w, https:\/\/silla.industries\/wp-content\/uploads\/2022\/03\/sec-fiera-600x338.jpg 600w, https:\/\/silla.industries\/wp-content\/uploads\/2022\/03\/sec-fiera-300x169.jpg 300w, https:\/\/silla.industries\/wp-content\/uploads\/2022\/03\/sec-fiera-768x432.jpg 768w, https:\/\/silla.industries\/wp-content\/uploads\/2022\/03\/sec-fiera-1536x864.jpg 1536w, https:\/\/silla.industries\/wp-content\/uploads\/2022\/03\/sec-fiera-1200x675.jpg 1200w, https:\/\/silla.industries\/wp-content\/uploads\/2022\/03\/sec-fiera.jpg 1600w\" sizes=\"(max-width: 700px) 100vw, 700px\" \/><\/a><\/div><a class=\"wp-block-latest-posts__post-title\" href=\"https:\/\/silla.industries\/es\/silla-industries-partecipa-a-sec-fiera-rimini\/\">Silla Industries participa en la SEC<\/a><time datetime=\"2022-03-23T15:53:56+01:00\" class=\"wp-block-latest-posts__post-date\">23 de marzo de 2022<\/time><div class=\"wp-block-latest-posts__post-excerpt\">Del 06 al 08 de abril estaremos presentes en la Exposici\u00f3n y Conferencia Solar de Key Energy, un evento de tres d\u00edas dedicado a la industria de la energ\u00eda solar y sus cadenas de suministro.  <a href=\"https:\/\/silla.industries\/es\/silla-industries-partecipa-a-sec-fiera-rimini\/\" class=\"more-link\"><span>Seguir leyendo<\/span><span class=\"screen-reader-text\">Silla Industries participa en la SEC<\/span><\/a><\/div><\/li>\n<\/ul>","protected":false},"excerpt":{"rendered":"<p>Perspectivas, noticias e informaci\u00f3n \u00fatil sobre Industrias Silla y el mundo de la electricidad  <\/p>\n","protected":false},"author":23,"featured_media":0,"parent":0,"menu_order":70,"comment_status":"closed","ping_status":"closed","template":"","meta":{"_uag_custom_page_level_css":"","footnotes":""},"class_list":["post-19559","page","type-page","status-publish","hentry"],"uagb_featured_image_src":{"full":false,"thumbnail":false,"medium":false,"medium_large":false,"large":false,"1536x1536":false,"2048x2048":false,"betterdocs-category-thumb":false,"post-thumbnail":false,"twentytwenty-fullscreen":false,"mailpoet_newsletter_max":false,"menu-26x26":false,"menu-36x36":false,"menu-48x48":false,"woocommerce_thumbnail":false,"woocommerce_single":false,"woocommerce_gallery_thumbnail":false},"uagb_author_info":{"display_name":"Valentina De Simone","author_link":"https:\/\/silla.industries\/es\/author\/valentina\/"},"uagb_comment_info":0,"uagb_excerpt":"Perspectivas, noticias e informaci\u00f3n \u00fatil sobre Industrias Silla y el mundo de la electricidad","_links":{"self":[{"href":"https:\/\/silla.industries\/es\/wp-json\/wp\/v2\/pages\/19559","targetHints":{"allow":["GET"]}}],"collection":[{"href":"https:\/\/silla.industries\/es\/wp-json\/wp\/v2\/pages"}],"about":[{"href":"https:\/\/silla.industries\/es\/wp-json\/wp\/v2\/types\/page"}],"author":[{"embeddable":true,"href":"https:\/\/silla.industries\/es\/wp-json\/wp\/v2\/users\/23"}],"replies":[{"embeddable":true,"href":"https:\/\/silla.industries\/es\/wp-json\/wp\/v2\/comments?post=19559"}],"version-history":[{"count":0,"href":"https:\/\/silla.industries\/es\/wp-json\/wp\/v2\/pages\/19559\/revisions"}],"wp:attachment":[{"href":"https:\/\/silla.industries\/es\/wp-json\/wp\/v2\/media?parent=19559"}],"curies":[{"name":"wp","href":"https:\/\/api.w.org\/{rel}","templated":true}]}}